{"id":24194,"date":"2026-09-04T11:23:44","date_gmt":"2026-09-04T15:23:44","guid":{"rendered":"https:\/\/www.lediamant.ca\/?post_type=show&#038;p=24194"},"modified":"2026-09-04T15:32:04","modified_gmt":"2026-09-04T19:32:04","slug":"cabaret-reverbere","status":"publish","type":"show","link":"https:\/\/www.lediamant.ca\/fr\/programmation\/cabaret-reverbere","title":{"rendered":"Cabaret R\u00e9verb\u00e8re"},"content":{"rendered":"<div class=\"item wysiwyg component-heading\" >\n<h4 class=\"wp-block-heading\">Foire aux questions sur le <em>Cabaret R\u00e9verb\u00e8re<\/em><\/h4>\n<\/div>\n\n<div class=\"item wysiwyg component-drawers\" >\n    <div class=\"block-drawers__list\" role=\"list\">\n                    <div class=\"block-drawers__item js-a11y-drawer\" role=\"listitem\">\n                <h3 class=\"block-drawers__item__title\" data-a11y-toggle><button class=\"block-drawers__item__toggle\" aria-expanded=\"false\" aria-controls=\"accordion-panel-1\">Qu&rsquo;est-ce que le\u2009<em>Cabaret R\u00e9verb\u00e8re<\/em>\u00a0et quel est son concept ?<\/button><\/h3>\n\n                <div id=\"accordion-panel-1\" class=\"block-drawers__item__content wysiwyg\" data-a11y-target hidden>\n                    <div class=\"js-anim block-drawers__item__padding\">\n                        <p>Le <em>Cabaret R\u00e9verb\u00e8re<\/em> est un spectacle de cirque contemporain pr\u00e9sent\u00e9 au Diamant en collaboration artistique avec Le Monast\u00e8re. Pr\u00e9sent\u00e9 dans le cadre du festival R\u00e9verb\u00e8re, ce rendez-vous rassemble des artistes qu\u00e9b\u00e9cois reconnus \u00e0 l&rsquo;\u00e9chelle internationale pour offrir des num\u00e9ros de haute voltige, d&rsquo;acrobaties, de BMX et de m\u00e2t oscillant dans l&rsquo;ambiance intime et festive d&rsquo;un cabaret.<\/p>\n                    <\/div>\n                <\/div>\n            <\/div>\n                                <div class=\"block-drawers__item js-a11y-drawer\" role=\"listitem\">\n                <h3 class=\"block-drawers__item__title\" data-a11y-toggle><button class=\"block-drawers__item__toggle\" aria-expanded=\"false\" aria-controls=\"accordion-panel-2\">\u00c0 quel genre d&rsquo;exp\u00e9rience ou de num\u00e9ros faut-il s&rsquo;attendre ?<\/button><\/h3>\n\n                <div id=\"accordion-panel-2\" class=\"block-drawers__item__content wysiwyg\" data-a11y-target hidden>\n                    <div class=\"js-anim block-drawers__item__padding\">\n                        <p>Le programme propose une grande vari\u00e9t\u00e9 de disciplines circassiennes : performances a\u00e9riennes (corde lisse, tissus loops, sangles), voltige et acrobaties spectaculaires (barre russe, planche cor\u00e9enne, duo de m\u00e2t oscillant) ainsi que du BMX. L&rsquo;ensemble de la soir\u00e9e est rythm\u00e9 par la touche d&rsquo;humour et d&rsquo;improvisation du duo clownesque Les Deux de Pique.<\/p>\n                    <\/div>\n                <\/div>\n            <\/div>\n                                <div class=\"block-drawers__item js-a11y-drawer\" role=\"listitem\">\n                <h3 class=\"block-drawers__item__title\" data-a11y-toggle><button class=\"block-drawers__item__toggle\" aria-expanded=\"false\" aria-controls=\"accordion-panel-3\">Quel est le parcours des artistes de la distribution ?<\/button><\/h3>\n\n                <div id=\"accordion-panel-3\" class=\"block-drawers__item__content wysiwyg\" data-a11y-target hidden>\n                    <div class=\"js-anim block-drawers__item__padding\">\n                        <p>Les artistes invit\u00e9s ont \u00e9volu\u00e9 au sein de troupes r\u00e9put\u00e9es comme le Cirque du Soleil, Machine de Cirque, le Cirque \u00c9loize, Les 7 Doigts de la Main, Cavalia, Dragone et Ex Machina. La distribution r\u00e9unit des artistes prim\u00e9s au Festival Mondial du Cirque de Demain ainsi qu&rsquo;un d\u00e9tenteur de record Guinness.<\/p>\n                    <\/div>\n                <\/div>\n            <\/div>\n                                <div class=\"block-drawers__item js-a11y-drawer\" role=\"listitem\">\n                <h3 class=\"block-drawers__item__title\" data-a11y-toggle><button class=\"block-drawers__item__toggle\" aria-expanded=\"false\" aria-controls=\"accordion-panel-4\">Qu&rsquo;est-ce que Le Monast\u00e8re, collaborateur artistique de l&rsquo;\u00e9v\u00e9nement ?<\/button><\/h3>\n\n                <div id=\"accordion-panel-4\" class=\"block-drawers__item__content wysiwyg\" data-a11y-target hidden>\n                    <div class=\"js-anim block-drawers__item__padding\">\n                        <p>Fond\u00e9 en 2016 par Rosalie Beauchamp et Guillaume Blais, Le Monast\u00e8re est un organisme \u00e0 but non lucratif d\u00e9di\u00e9 \u00e0 la promotion du cirque contemporain. Bas\u00e9 \u00e0 l&rsquo;Espace Jax \u00e0 Montr\u00e9al, cet organisme offre une vitrine d&rsquo;exception aux artistes ind\u00e9pendants et met en valeur la cr\u00e9ation locale et internationale \u00e0 travers des cabarets immersifs et conviviaux.<\/p>\n                    <\/div>\n                <\/div>\n            <\/div>\n                        <\/div>\n\n    <\/div>","protected":false},"featured_media":24228,"menu_order":0,"template":"","show-category":[16,52],"show-promotions":[28,51,46],"show-tags":[183],"show-type":[21],"merch-category":[],"class_list":["post-24194","show","type-show","status-publish","has-post-thumbnail","hentry","show-category-cirque","show-category-evenement-partenaire","show-promotions-20-pour-les-20-ans-et-moins","show-promotions-25-de-rabais-pour-les-etudiants","show-promotions-billets-midi-50","show-tags-cirque-contemporain","show-type-spectacles"],"acf":[],"yoast_head":"<!-- This site is optimized with the Yoast SEO plugin v28.1 - https:\/\/yoast.com\/product\/yoast-seo-wordpress\/ -->\n<title>Cabaret R\u00e9verb\u00e8re au Diamant - 9 octobre 2026<\/title>\n<meta name=\"description\" content=\"D\u00e9couvrez le Cabaret R\u00e9verb\u00e8re au Diamant le 9 octobre. Une collaboration d&#039;exception avec Le Monast\u00e8re pour c\u00e9l\u00e9brer le cirque \u00e0 Qu\u00e9bec.\" \/>\n<meta name=\"robots\" content=\"index, follow, max-snippet:-1, max-image-preview:large, max-video-preview:-1\" \/>\n<link rel=\"canonical\" href=\"https:\/\/www.lediamant.ca\/fr\/programmation\/cabaret-reverbere\" \/>\n<meta property=\"og:locale\" content=\"fr_FR\" \/>\n<meta property=\"og:type\" content=\"article\" \/>\n<meta property=\"og:title\" content=\"Cabaret R\u00e9verb\u00e8re - 9 oct. - Le Diamant\" \/>\n<meta property=\"og:description\" content=\"D\u00e9couvrez le Cabaret R\u00e9verb\u00e8re au Diamant le 9 octobre. Une collaboration d&#039;exception avec Le Monast\u00e8re pour c\u00e9l\u00e9brer le cirque \u00e0 Qu\u00e9bec.\" \/>\n<meta property=\"og:url\" content=\"https:\/\/www.lediamant.ca\/fr\/programmation\/cabaret-reverbere\" \/>\n<meta property=\"og:site_name\" content=\"Le Diamant\" \/>\n<meta property=\"article:publisher\" content=\"https:\/\/www.facebook.com\/lediamantqc\/\" \/>\n<meta property=\"article:modified_time\" content=\"2026-09-04T19:32:04+00:00\" \/>\n<meta property=\"og:image\" content=\"https:\/\/www.lediamant.ca\/wp-content\/uploads\/2026\/08\/cabaretreverbere-opengraph.jpg\" \/>\n\t<meta property=\"og:image:width\" content=\"1200\" \/>\n\t<meta property=\"og:image:height\" content=\"630\" \/>\n\t<meta property=\"og:image:type\" content=\"image\/jpeg\" \/>\n<meta name=\"twitter:card\" content=\"summary_large_image\" \/>\n<meta name=\"twitter:title\" content=\"Cabaret R\u00e9verb\u00e8re - 9 oct. - Le Diamant\" \/>\n<meta name=\"twitter:description\" content=\"D\u00e9couvrez le Cabaret R\u00e9verb\u00e8re au Diamant le 9 octobre. Une collaboration d&#039;exception avec Le Monast\u00e8re pour c\u00e9l\u00e9brer le cirque \u00e0 Qu\u00e9bec.\" \/>\n<meta name=\"twitter:image\" content=\"https:\/\/www.lediamant.ca\/wp-content\/uploads\/2026\/08\/cabaretreverbere-opengraph.jpg\" \/>\n<meta name=\"twitter:site\" content=\"@lediamant_qc\" \/>\n<meta name=\"twitter:label1\" content=\"Dur\u00e9e de lecture estim\u00e9e\" \/>\n\t<meta name=\"twitter:data1\" content=\"1 minute\" \/>\n<script type=\"application\/ld+json\" class=\"yoast-schema-graph\">{\"@context\":\"https:\\\/\\\/schema.org\",\"@graph\":[{\"@type\":\"WebPage\",\"@id\":\"https:\\\/\\\/www.lediamant.ca\\\/fr\\\/programmation\\\/cabaret-reverbere\",\"url\":\"https:\\\/\\\/www.lediamant.ca\\\/fr\\\/programmation\\\/cabaret-reverbere\",\"name\":\"Cabaret R\u00e9verb\u00e8re au Diamant - 9 octobre 2026\",\"isPartOf\":{\"@id\":\"https:\\\/\\\/www.lediamant.ca\\\/fr\\\/#website\"},\"primaryImageOfPage\":{\"@id\":\"https:\\\/\\\/www.lediamant.ca\\\/fr\\\/programmation\\\/cabaret-reverbere#primaryimage\"},\"image\":{\"@id\":\"https:\\\/\\\/www.lediamant.ca\\\/fr\\\/programmation\\\/cabaret-reverbere#primaryimage\"},\"thumbnailUrl\":\"https:\\\/\\\/www.lediamant.ca\\\/wp-content\\\/uploads\\\/2026\\\/08\\\/cabaretreverbere-calendrier.webp\",\"datePublished\":\"2026-09-04T15:23:44+00:00\",\"dateModified\":\"2026-09-04T19:32:04+00:00\",\"description\":\"D\u00e9couvrez le Cabaret R\u00e9verb\u00e8re au Diamant le 9 octobre. Une collaboration d'exception avec Le Monast\u00e8re pour c\u00e9l\u00e9brer le cirque \u00e0 Qu\u00e9bec.\",\"breadcrumb\":{\"@id\":\"https:\\\/\\\/www.lediamant.ca\\\/fr\\\/programmation\\\/cabaret-reverbere#breadcrumb\"},\"inLanguage\":\"fr-FR\",\"potentialAction\":[{\"@type\":\"ReadAction\",\"target\":[\"https:\\\/\\\/www.lediamant.ca\\\/fr\\\/programmation\\\/cabaret-reverbere\"]}]},{\"@type\":\"ImageObject\",\"inLanguage\":\"fr-FR\",\"@id\":\"https:\\\/\\\/www.lediamant.ca\\\/fr\\\/programmation\\\/cabaret-reverbere#primaryimage\",\"url\":\"https:\\\/\\\/www.lediamant.ca\\\/wp-content\\\/uploads\\\/2026\\\/08\\\/cabaretreverbere-calendrier.webp\",\"contentUrl\":\"https:\\\/\\\/www.lediamant.ca\\\/wp-content\\\/uploads\\\/2026\\\/08\\\/cabaretreverbere-calendrier.webp\",\"width\":600,\"height\":600,\"caption\":\"Artistes de cirque pr\u00e9sents au Cabaret R\u00e9verb\u00e8re au Diamant\"},{\"@type\":\"BreadcrumbList\",\"@id\":\"https:\\\/\\\/www.lediamant.ca\\\/fr\\\/programmation\\\/cabaret-reverbere#breadcrumb\",\"itemListElement\":[{\"@type\":\"ListItem\",\"position\":1,\"name\":\"Accueil\",\"item\":\"https:\\\/\\\/www.lediamant.ca\\\/fr\"},{\"@type\":\"ListItem\",\"position\":2,\"name\":\"Spectacle\",\"item\":\"https:\\\/\\\/www.lediamant.ca\\\/fr\\\/programmation\"},{\"@type\":\"ListItem\",\"position\":3,\"name\":\"Cabaret R\u00e9verb\u00e8re\"}]},{\"@type\":\"WebSite\",\"@id\":\"https:\\\/\\\/www.lediamant.ca\\\/fr\\\/#website\",\"url\":\"https:\\\/\\\/www.lediamant.ca\\\/fr\\\/\",\"name\":\"Le Diamant\",\"description\":\"Salle de spectacle situ\u00e9e \u00e0 place D&#039;Youville, Qu\u00e9bec (Canada). D\u00e9couvrez notre programmation.\",\"publisher\":{\"@id\":\"https:\\\/\\\/www.lediamant.ca\\\/fr\\\/#organization\"},\"potentialAction\":[{\"@type\":\"SearchAction\",\"target\":{\"@type\":\"EntryPoint\",\"urlTemplate\":\"https:\\\/\\\/www.lediamant.ca\\\/fr\\\/?s={search_term_string}\"},\"query-input\":{\"@type\":\"PropertyValueSpecification\",\"valueRequired\":true,\"valueName\":\"search_term_string\"}}],\"inLanguage\":\"fr-FR\"},{\"@type\":\"Organization\",\"@id\":\"https:\\\/\\\/www.lediamant.ca\\\/fr\\\/#organization\",\"name\":\"Le Diamant\",\"url\":\"https:\\\/\\\/www.lediamant.ca\\\/fr\\\/\",\"logo\":{\"@type\":\"ImageObject\",\"inLanguage\":\"fr-FR\",\"@id\":\"https:\\\/\\\/www.lediamant.ca\\\/fr\\\/#\\\/schema\\\/logo\\\/image\\\/\",\"url\":\"https:\\\/\\\/www.lediamant.ca\\\/wp-content\\\/uploads\\\/2023\\\/05\\\/le-diamant-logo.png\",\"contentUrl\":\"https:\\\/\\\/www.lediamant.ca\\\/wp-content\\\/uploads\\\/2023\\\/05\\\/le-diamant-logo.png\",\"width\":1000,\"height\":750,\"caption\":\"Le Diamant\"},\"image\":{\"@id\":\"https:\\\/\\\/www.lediamant.ca\\\/fr\\\/#\\\/schema\\\/logo\\\/image\\\/\"},\"sameAs\":[\"https:\\\/\\\/www.facebook.com\\\/lediamantqc\\\/\",\"https:\\\/\\\/x.com\\\/lediamant_qc\"]}]}<\/script>\n<!-- \/ Yoast SEO plugin. -->","yoast_head_json":{"title":"Cabaret R\u00e9verb\u00e8re au Diamant - 9 octobre 2026","description":"D\u00e9couvrez le Cabaret R\u00e9verb\u00e8re au Diamant le 9 octobre. Une collaboration d'exception avec Le Monast\u00e8re pour c\u00e9l\u00e9brer le cirque \u00e0 Qu\u00e9bec.","robots":{"index":"index","follow":"follow","max-snippet":"max-snippet:-1","max-image-preview":"max-image-preview:large","max-video-preview":"max-video-preview:-1"},"canonical":"https:\/\/www.lediamant.ca\/fr\/programmation\/cabaret-reverbere","og_locale":"fr_FR","og_type":"article","og_title":"Cabaret R\u00e9verb\u00e8re - 9 oct. - Le Diamant","og_description":"D\u00e9couvrez le Cabaret R\u00e9verb\u00e8re au Diamant le 9 octobre. Une collaboration d'exception avec Le Monast\u00e8re pour c\u00e9l\u00e9brer le cirque \u00e0 Qu\u00e9bec.","og_url":"https:\/\/www.lediamant.ca\/fr\/programmation\/cabaret-reverbere","og_site_name":"Le Diamant","article_publisher":"https:\/\/www.facebook.com\/lediamantqc\/","article_modified_time":"2026-09-04T19:32:04+00:00","og_image":[{"width":1200,"height":630,"url":"https:\/\/www.lediamant.ca\/wp-content\/uploads\/2026\/08\/cabaretreverbere-opengraph.jpg","type":"image\/jpeg"}],"twitter_card":"summary_large_image","twitter_title":"Cabaret R\u00e9verb\u00e8re - 9 oct. - Le Diamant","twitter_description":"D\u00e9couvrez le Cabaret R\u00e9verb\u00e8re au Diamant le 9 octobre. Une collaboration d'exception avec Le Monast\u00e8re pour c\u00e9l\u00e9brer le cirque \u00e0 Qu\u00e9bec.","twitter_image":"https:\/\/www.lediamant.ca\/wp-content\/uploads\/2026\/08\/cabaretreverbere-opengraph.jpg","twitter_site":"@lediamant_qc","twitter_misc":{"Dur\u00e9e de lecture estim\u00e9e":"1 minute"},"schema":{"@context":"https:\/\/schema.org","@graph":[{"@type":"WebPage","@id":"https:\/\/www.lediamant.ca\/fr\/programmation\/cabaret-reverbere","url":"https:\/\/www.lediamant.ca\/fr\/programmation\/cabaret-reverbere","name":"Cabaret R\u00e9verb\u00e8re au Diamant - 9 octobre 2026","isPartOf":{"@id":"https:\/\/www.lediamant.ca\/fr\/#website"},"primaryImageOfPage":{"@id":"https:\/\/www.lediamant.ca\/fr\/programmation\/cabaret-reverbere#primaryimage"},"image":{"@id":"https:\/\/www.lediamant.ca\/fr\/programmation\/cabaret-reverbere#primaryimage"},"thumbnailUrl":"https:\/\/www.lediamant.ca\/wp-content\/uploads\/2026\/08\/cabaretreverbere-calendrier.webp","datePublished":"2026-09-04T15:23:44+00:00","dateModified":"2026-09-04T19:32:04+00:00","description":"D\u00e9couvrez le Cabaret R\u00e9verb\u00e8re au Diamant le 9 octobre. Une collaboration d'exception avec Le Monast\u00e8re pour c\u00e9l\u00e9brer le cirque \u00e0 Qu\u00e9bec.","breadcrumb":{"@id":"https:\/\/www.lediamant.ca\/fr\/programmation\/cabaret-reverbere#breadcrumb"},"inLanguage":"fr-FR","potentialAction":[{"@type":"ReadAction","target":["https:\/\/www.lediamant.ca\/fr\/programmation\/cabaret-reverbere"]}]},{"@type":"ImageObject","inLanguage":"fr-FR","@id":"https:\/\/www.lediamant.ca\/fr\/programmation\/cabaret-reverbere#primaryimage","url":"https:\/\/www.lediamant.ca\/wp-content\/uploads\/2026\/08\/cabaretreverbere-calendrier.webp","contentUrl":"https:\/\/www.lediamant.ca\/wp-content\/uploads\/2026\/08\/cabaretreverbere-calendrier.webp","width":600,"height":600,"caption":"Artistes de cirque pr\u00e9sents au Cabaret R\u00e9verb\u00e8re au Diamant"},{"@type":"BreadcrumbList","@id":"https:\/\/www.lediamant.ca\/fr\/programmation\/cabaret-reverbere#breadcrumb","itemListElement":[{"@type":"ListItem","position":1,"name":"Accueil","item":"https:\/\/www.lediamant.ca\/fr"},{"@type":"ListItem","position":2,"name":"Spectacle","item":"https:\/\/www.lediamant.ca\/fr\/programmation"},{"@type":"ListItem","position":3,"name":"Cabaret R\u00e9verb\u00e8re"}]},{"@type":"WebSite","@id":"https:\/\/www.lediamant.ca\/fr\/#website","url":"https:\/\/www.lediamant.ca\/fr\/","name":"Le Diamant","description":"Salle de spectacle situ\u00e9e \u00e0 place D&#039;Youville, Qu\u00e9bec (Canada). D\u00e9couvrez notre programmation.","publisher":{"@id":"https:\/\/www.lediamant.ca\/fr\/#organization"},"potentialAction":[{"@type":"SearchAction","target":{"@type":"EntryPoint","urlTemplate":"https:\/\/www.lediamant.ca\/fr\/?s={search_term_string}"},"query-input":{"@type":"PropertyValueSpecification","valueRequired":true,"valueName":"search_term_string"}}],"inLanguage":"fr-FR"},{"@type":"Organization","@id":"https:\/\/www.lediamant.ca\/fr\/#organization","name":"Le Diamant","url":"https:\/\/www.lediamant.ca\/fr\/","logo":{"@type":"ImageObject","inLanguage":"fr-FR","@id":"https:\/\/www.lediamant.ca\/fr\/#\/schema\/logo\/image\/","url":"https:\/\/www.lediamant.ca\/wp-content\/uploads\/2023\/05\/le-diamant-logo.png","contentUrl":"https:\/\/www.lediamant.ca\/wp-content\/uploads\/2023\/05\/le-diamant-logo.png","width":1000,"height":750,"caption":"Le Diamant"},"image":{"@id":"https:\/\/www.lediamant.ca\/fr\/#\/schema\/logo\/image\/"},"sameAs":["https:\/\/www.facebook.com\/lediamantqc\/","https:\/\/x.com\/lediamant_qc"]}]}},"_links":{"self":[{"href":"https:\/\/www.lediamant.ca\/fr\/wp-json\/wp\/v2\/show\/24194","targetHints":{"allow":["GET"]}}],"collection":[{"href":"https:\/\/www.lediamant.ca\/fr\/wp-json\/wp\/v2\/show"}],"about":[{"href":"https:\/\/www.lediamant.ca\/fr\/wp-json\/wp\/v2\/types\/show"}],"wp:featuredmedia":[{"embeddable":true,"href":"https:\/\/www.lediamant.ca\/fr\/wp-json\/wp\/v2\/media\/24228"}],"wp:attachment":[{"href":"https:\/\/www.lediamant.ca\/fr\/wp-json\/wp\/v2\/media?parent=24194"}],"wp:term":[{"taxonomy":"show-category","embeddable":true,"href":"https:\/\/www.lediamant.ca\/fr\/wp-json\/wp\/v2\/show-category?post=24194"},{"taxonomy":"show-promotions","embeddable":true,"href":"https:\/\/www.lediamant.ca\/fr\/wp-json\/wp\/v2\/show-promotions?post=24194"},{"taxonomy":"show-tags","embeddable":true,"href":"https:\/\/www.lediamant.ca\/fr\/wp-json\/wp\/v2\/show-tags?post=24194"},{"taxonomy":"show-type","embeddable":true,"href":"https:\/\/www.lediamant.ca\/fr\/wp-json\/wp\/v2\/show-type?post=24194"},{"taxonomy":"merch-category","embeddable":true,"href":"https:\/\/www.lediamant.ca\/fr\/wp-json\/wp\/v2\/merch-category?post=24194"}],"curies":[{"name":"wp","href":"https:\/\/api.w.org\/{rel}","templated":true}]}}