{"id":13243,"date":"2025-01-15T14:50:18","date_gmt":"2025-01-15T18:50:18","guid":{"rendered":"https:\/\/www.lediamant.ca\/?post_type=show&#038;p=13243"},"modified":"2025-01-16T10:42:23","modified_gmt":"2025-01-16T14:42:23","slug":"activites-inaugurales","status":"publish","type":"show","link":"https:\/\/www.lediamant.ca\/fr\/programmation\/activites-inaugurales","title":{"rendered":"Par cour et jardin"},"content":{"rendered":"","protected":false},"featured_media":15738,"menu_order":0,"template":"","show-category":[27],"show-promotions":[],"show-tags":[211],"show-type":[22],"merch-category":[],"class_list":["post-13243","show","type-show","status-publish","has-post-thumbnail","hentry","show-category-arts-multi","show-tags-activites-inaugurales","show-type-evenement-activite"],"acf":[],"yoast_head":"<!-- This site is optimized with the Yoast SEO plugin v26.5 - https:\/\/yoast.com\/wordpress\/plugins\/seo\/ -->\n<title>Par cour et jardin - Le Diamant<\/title>\n<meta name=\"description\" content=\"Afin de c\u00e9l\u00e9brer l&#039;inauguration, vous \u00eates invit\u00e9 \u00e0 d\u00e9couvrir Le Diamant sous toutes ses facettes au cours de la fin de semaine de la F\u00eate du travail, le samedi 31 ao\u00fbt et le dimanche 1er septembre 2019.\" \/>\n<meta name=\"robots\" content=\"index, follow, max-snippet:-1, max-image-preview:large, max-video-preview:-1\" \/>\n<link rel=\"canonical\" href=\"https:\/\/www.lediamant.ca\/fr\/programmation\/activites-inaugurales\" \/>\n<meta property=\"og:locale\" content=\"fr_FR\" \/>\n<meta property=\"og:type\" content=\"article\" \/>\n<meta property=\"og:title\" content=\"Par cour et jardin | 31 ao\u00fbt \u2014 1er sept. 2019 | Le Diamant\" \/>\n<meta property=\"og:description\" content=\"Afin de c\u00e9l\u00e9brer l&#039;inauguration, vous \u00eates invit\u00e9 \u00e0 d\u00e9couvrir Le Diamant sous toutes ses facettes au cours de la fin de semaine de la F\u00eate du travail, le samedi 31 ao\u00fbt et le dimanche 1er septembre 2019.\" \/>\n<meta property=\"og:url\" content=\"https:\/\/www.lediamant.ca\/fr\/programmation\/activites-inaugurales\" \/>\n<meta property=\"og:site_name\" content=\"Le Diamant\" \/>\n<meta property=\"article:publisher\" content=\"https:\/\/www.facebook.com\/lediamantqc\/\" \/>\n<meta property=\"article:modified_time\" content=\"2025-01-16T14:42:23+00:00\" \/>\n<meta property=\"og:image\" content=\"https:\/\/www.lediamant.ca\/wp-content\/uploads\/2025\/01\/Visuel-ParCourEtJardin-1.jpg\" \/>\n\t<meta property=\"og:image:width\" content=\"1200\" \/>\n\t<meta property=\"og:image:height\" content=\"1200\" \/>\n\t<meta property=\"og:image:type\" content=\"image\/jpeg\" \/>\n<meta name=\"twitter:card\" content=\"summary_large_image\" \/>\n<meta name=\"twitter:site\" content=\"@lediamant_qc\" \/>\n<meta name=\"twitter:label1\" content=\"Dur\u00e9e de lecture estim\u00e9e\" \/>\n\t<meta name=\"twitter:data1\" content=\"1 minute\" \/>\n<script type=\"application\/ld+json\" class=\"yoast-schema-graph\">{\"@context\":\"https:\/\/schema.org\",\"@graph\":[{\"@type\":\"WebPage\",\"@id\":\"https:\/\/www.lediamant.ca\/fr\/programmation\/activites-inaugurales\",\"url\":\"https:\/\/www.lediamant.ca\/fr\/programmation\/activites-inaugurales\",\"name\":\"Par cour et jardin - Le Diamant\",\"isPartOf\":{\"@id\":\"https:\/\/www.lediamant.ca\/fr\/#website\"},\"primaryImageOfPage\":{\"@id\":\"https:\/\/www.lediamant.ca\/fr\/programmation\/activites-inaugurales#primaryimage\"},\"image\":{\"@id\":\"https:\/\/www.lediamant.ca\/fr\/programmation\/activites-inaugurales#primaryimage\"},\"thumbnailUrl\":\"https:\/\/www.lediamant.ca\/wp-content\/uploads\/2025\/01\/Visuel-ParCourEtJardin-1.jpg\",\"datePublished\":\"2025-01-15T18:50:18+00:00\",\"dateModified\":\"2025-01-16T14:42:23+00:00\",\"description\":\"Afin de c\u00e9l\u00e9brer l'inauguration, vous \u00eates invit\u00e9 \u00e0 d\u00e9couvrir Le Diamant sous toutes ses facettes au cours de la fin de semaine de la F\u00eate du travail, le samedi 31 ao\u00fbt et le dimanche 1er septembre 2019.\",\"breadcrumb\":{\"@id\":\"https:\/\/www.lediamant.ca\/fr\/programmation\/activites-inaugurales#breadcrumb\"},\"inLanguage\":\"fr-FR\",\"potentialAction\":[{\"@type\":\"ReadAction\",\"target\":[\"https:\/\/www.lediamant.ca\/fr\/programmation\/activites-inaugurales\"]}]},{\"@type\":\"ImageObject\",\"inLanguage\":\"fr-FR\",\"@id\":\"https:\/\/www.lediamant.ca\/fr\/programmation\/activites-inaugurales#primaryimage\",\"url\":\"https:\/\/www.lediamant.ca\/wp-content\/uploads\/2025\/01\/Visuel-ParCourEtJardin-1.jpg\",\"contentUrl\":\"https:\/\/www.lediamant.ca\/wp-content\/uploads\/2025\/01\/Visuel-ParCourEtJardin-1.jpg\",\"width\":1200,\"height\":1200},{\"@type\":\"BreadcrumbList\",\"@id\":\"https:\/\/www.lediamant.ca\/fr\/programmation\/activites-inaugurales#breadcrumb\",\"itemListElement\":[{\"@type\":\"ListItem\",\"position\":1,\"name\":\"Accueil\",\"item\":\"https:\/\/www.lediamant.ca\/fr\"},{\"@type\":\"ListItem\",\"position\":2,\"name\":\"Spectacle\",\"item\":\"https:\/\/www.lediamant.ca\/fr\/programmation\"},{\"@type\":\"ListItem\",\"position\":3,\"name\":\"Par cour et jardin\"}]},{\"@type\":\"WebSite\",\"@id\":\"https:\/\/www.lediamant.ca\/fr\/#website\",\"url\":\"https:\/\/www.lediamant.ca\/fr\/\",\"name\":\"Le Diamant\",\"description\":\"Salle de spectacle situ\u00e9e \u00e0 place D&#039;Youville, Qu\u00e9bec (Canada). D\u00e9couvrez notre programmation.\",\"publisher\":{\"@id\":\"https:\/\/www.lediamant.ca\/fr\/#organization\"},\"potentialAction\":[{\"@type\":\"SearchAction\",\"target\":{\"@type\":\"EntryPoint\",\"urlTemplate\":\"https:\/\/www.lediamant.ca\/fr\/?s={search_term_string}\"},\"query-input\":{\"@type\":\"PropertyValueSpecification\",\"valueRequired\":true,\"valueName\":\"search_term_string\"}}],\"inLanguage\":\"fr-FR\"},{\"@type\":\"Organization\",\"@id\":\"https:\/\/www.lediamant.ca\/fr\/#organization\",\"name\":\"Le Diamant\",\"url\":\"https:\/\/www.lediamant.ca\/fr\/\",\"logo\":{\"@type\":\"ImageObject\",\"inLanguage\":\"fr-FR\",\"@id\":\"https:\/\/www.lediamant.ca\/fr\/#\/schema\/logo\/image\/\",\"url\":\"https:\/\/www.lediamant.ca\/wp-content\/uploads\/2023\/05\/le-diamant-logo.png\",\"contentUrl\":\"https:\/\/www.lediamant.ca\/wp-content\/uploads\/2023\/05\/le-diamant-logo.png\",\"width\":1000,\"height\":750,\"caption\":\"Le Diamant\"},\"image\":{\"@id\":\"https:\/\/www.lediamant.ca\/fr\/#\/schema\/logo\/image\/\"},\"sameAs\":[\"https:\/\/www.facebook.com\/lediamantqc\/\",\"https:\/\/x.com\/lediamant_qc\"]}]}<\/script>\n<!-- \/ Yoast SEO plugin. -->","yoast_head_json":{"title":"Par cour et jardin - Le Diamant","description":"Afin de c\u00e9l\u00e9brer l'inauguration, vous \u00eates invit\u00e9 \u00e0 d\u00e9couvrir Le Diamant sous toutes ses facettes au cours de la fin de semaine de la F\u00eate du travail, le samedi 31 ao\u00fbt et le dimanche 1er septembre 2019.","robots":{"index":"index","follow":"follow","max-snippet":"max-snippet:-1","max-image-preview":"max-image-preview:large","max-video-preview":"max-video-preview:-1"},"canonical":"https:\/\/www.lediamant.ca\/fr\/programmation\/activites-inaugurales","og_locale":"fr_FR","og_type":"article","og_title":"Par cour et jardin | 31 ao\u00fbt \u2014 1er sept. 2019 | Le Diamant","og_description":"Afin de c\u00e9l\u00e9brer l'inauguration, vous \u00eates invit\u00e9 \u00e0 d\u00e9couvrir Le Diamant sous toutes ses facettes au cours de la fin de semaine de la F\u00eate du travail, le samedi 31 ao\u00fbt et le dimanche 1er septembre 2019.","og_url":"https:\/\/www.lediamant.ca\/fr\/programmation\/activites-inaugurales","og_site_name":"Le Diamant","article_publisher":"https:\/\/www.facebook.com\/lediamantqc\/","article_modified_time":"2025-01-16T14:42:23+00:00","og_image":[{"width":1200,"height":1200,"url":"https:\/\/www.lediamant.ca\/wp-content\/uploads\/2025\/01\/Visuel-ParCourEtJardin-1.jpg","type":"image\/jpeg"}],"twitter_card":"summary_large_image","twitter_site":"@lediamant_qc","twitter_misc":{"Dur\u00e9e de lecture estim\u00e9e":"1 minute"},"schema":{"@context":"https:\/\/schema.org","@graph":[{"@type":"WebPage","@id":"https:\/\/www.lediamant.ca\/fr\/programmation\/activites-inaugurales","url":"https:\/\/www.lediamant.ca\/fr\/programmation\/activites-inaugurales","name":"Par cour et jardin - Le Diamant","isPartOf":{"@id":"https:\/\/www.lediamant.ca\/fr\/#website"},"primaryImageOfPage":{"@id":"https:\/\/www.lediamant.ca\/fr\/programmation\/activites-inaugurales#primaryimage"},"image":{"@id":"https:\/\/www.lediamant.ca\/fr\/programmation\/activites-inaugurales#primaryimage"},"thumbnailUrl":"https:\/\/www.lediamant.ca\/wp-content\/uploads\/2025\/01\/Visuel-ParCourEtJardin-1.jpg","datePublished":"2025-01-15T18:50:18+00:00","dateModified":"2025-01-16T14:42:23+00:00","description":"Afin de c\u00e9l\u00e9brer l'inauguration, vous \u00eates invit\u00e9 \u00e0 d\u00e9couvrir Le Diamant sous toutes ses facettes au cours de la fin de semaine de la F\u00eate du travail, le samedi 31 ao\u00fbt et le dimanche 1er septembre 2019.","breadcrumb":{"@id":"https:\/\/www.lediamant.ca\/fr\/programmation\/activites-inaugurales#breadcrumb"},"inLanguage":"fr-FR","potentialAction":[{"@type":"ReadAction","target":["https:\/\/www.lediamant.ca\/fr\/programmation\/activites-inaugurales"]}]},{"@type":"ImageObject","inLanguage":"fr-FR","@id":"https:\/\/www.lediamant.ca\/fr\/programmation\/activites-inaugurales#primaryimage","url":"https:\/\/www.lediamant.ca\/wp-content\/uploads\/2025\/01\/Visuel-ParCourEtJardin-1.jpg","contentUrl":"https:\/\/www.lediamant.ca\/wp-content\/uploads\/2025\/01\/Visuel-ParCourEtJardin-1.jpg","width":1200,"height":1200},{"@type":"BreadcrumbList","@id":"https:\/\/www.lediamant.ca\/fr\/programmation\/activites-inaugurales#breadcrumb","itemListElement":[{"@type":"ListItem","position":1,"name":"Accueil","item":"https:\/\/www.lediamant.ca\/fr"},{"@type":"ListItem","position":2,"name":"Spectacle","item":"https:\/\/www.lediamant.ca\/fr\/programmation"},{"@type":"ListItem","position":3,"name":"Par cour et jardin"}]},{"@type":"WebSite","@id":"https:\/\/www.lediamant.ca\/fr\/#website","url":"https:\/\/www.lediamant.ca\/fr\/","name":"Le Diamant","description":"Salle de spectacle situ\u00e9e \u00e0 place D&#039;Youville, Qu\u00e9bec (Canada). D\u00e9couvrez notre programmation.","publisher":{"@id":"https:\/\/www.lediamant.ca\/fr\/#organization"},"potentialAction":[{"@type":"SearchAction","target":{"@type":"EntryPoint","urlTemplate":"https:\/\/www.lediamant.ca\/fr\/?s={search_term_string}"},"query-input":{"@type":"PropertyValueSpecification","valueRequired":true,"valueName":"search_term_string"}}],"inLanguage":"fr-FR"},{"@type":"Organization","@id":"https:\/\/www.lediamant.ca\/fr\/#organization","name":"Le Diamant","url":"https:\/\/www.lediamant.ca\/fr\/","logo":{"@type":"ImageObject","inLanguage":"fr-FR","@id":"https:\/\/www.lediamant.ca\/fr\/#\/schema\/logo\/image\/","url":"https:\/\/www.lediamant.ca\/wp-content\/uploads\/2023\/05\/le-diamant-logo.png","contentUrl":"https:\/\/www.lediamant.ca\/wp-content\/uploads\/2023\/05\/le-diamant-logo.png","width":1000,"height":750,"caption":"Le Diamant"},"image":{"@id":"https:\/\/www.lediamant.ca\/fr\/#\/schema\/logo\/image\/"},"sameAs":["https:\/\/www.facebook.com\/lediamantqc\/","https:\/\/x.com\/lediamant_qc"]}]}},"_links":{"self":[{"href":"https:\/\/www.lediamant.ca\/fr\/wp-json\/wp\/v2\/show\/13243","targetHints":{"allow":["GET"]}}],"collection":[{"href":"https:\/\/www.lediamant.ca\/fr\/wp-json\/wp\/v2\/show"}],"about":[{"href":"https:\/\/www.lediamant.ca\/fr\/wp-json\/wp\/v2\/types\/show"}],"wp:featuredmedia":[{"embeddable":true,"href":"https:\/\/www.lediamant.ca\/fr\/wp-json\/wp\/v2\/media\/15738"}],"wp:attachment":[{"href":"https:\/\/www.lediamant.ca\/fr\/wp-json\/wp\/v2\/media?parent=13243"}],"wp:term":[{"taxonomy":"show-category","embeddable":true,"href":"https:\/\/www.lediamant.ca\/fr\/wp-json\/wp\/v2\/show-category?post=13243"},{"taxonomy":"show-promotions","embeddable":true,"href":"https:\/\/www.lediamant.ca\/fr\/wp-json\/wp\/v2\/show-promotions?post=13243"},{"taxonomy":"show-tags","embeddable":true,"href":"https:\/\/www.lediamant.ca\/fr\/wp-json\/wp\/v2\/show-tags?post=13243"},{"taxonomy":"show-type","embeddable":true,"href":"https:\/\/www.lediamant.ca\/fr\/wp-json\/wp\/v2\/show-type?post=13243"},{"taxonomy":"merch-category","embeddable":true,"href":"https:\/\/www.lediamant.ca\/fr\/wp-json\/wp\/v2\/merch-category?post=13243"}],"curies":[{"name":"wp","href":"https:\/\/api.w.org\/{rel}","templated":true}]}}