{"id":297,"date":"2023-02-09T13:45:56","date_gmt":"2023-02-09T13:45:56","guid":{"rendered":"https:\/\/www.lediamant.ca\/?page_id=297"},"modified":"2025-09-30T14:08:19","modified_gmt":"2025-09-30T18:08:19","slug":"terrasse","status":"publish","type":"page","link":"https:\/\/www.lediamant.ca\/fr\/terrasse","title":{"rendered":"Le Toit-terrasse du Diamant"},"content":{"rendered":"<div class=\"item wysiwyg component-heading\" >\n<h1 class=\"wp-block-heading\">Le Toit-terrasse <br>du Diamant<\/h1>\n<\/div>\n\n<div class=\"item component-spacer\" ><div class=\"container\">\n<div style=\"height:29px\" aria-hidden=\"true\" class=\"wp-block-spacer\"><\/div>\n<\/div><\/div>\n\n<div class=\"item component-columns\">\n<div class=\"wp-block-columns is-layout-flex wp-container-core-columns-is-layout-9d6595d7 wp-block-columns-is-layout-flex\">\n<div class=\"wp-block-column is-layout-flow wp-block-column-is-layout-flow\"><div class=\"item wysiwyg component-paragraph\" >\n<p>Le Toit-terrasse du Diamant, situ\u00e9 au c\u0153ur du Vieux-Qu\u00e9bec, vous permet de passer un moment sympathique avec les convives de votre choix que ce soit pour l\u2019ap\u00e9ro, pour vivre l\u2019ambiance de la place D\u2019Youville ou pour tous les autres \u00e9v\u00e9nements. Un lieu o\u00f9 il fait bon vivre&nbsp;!<\/p>\n<\/div>\n\n<div class=\"item wysiwyg component-paragraph\" >\n<p><\/p>\n<\/div>\n\n<div class=\"item wysiwyg component-paragraph\" >\n<p>Notre lieu est accessible pour les personnes \u00e0 mobilit\u00e9 r\u00e9duite. Seuls les chiens d&rsquo;assistance sont accept\u00e9s sur le Toit-terrasse. <strong><a href=\"https:\/\/www.lediamant.ca\/fr\/informations-pratiques#accessibilite\">En savoir plus<\/a><\/strong>.<\/p>\n<\/div>\n\n<div class=\"item component-spacer\" ><div class=\"container\">\n<div style=\"height:25px\" aria-hidden=\"true\" class=\"wp-block-spacer\"><\/div>\n<\/div><\/div>\n\n<div class=\"item component-spacer\" ><div class=\"container\">\n<div style=\"height:50px\" aria-hidden=\"true\" class=\"wp-block-spacer\"><\/div>\n<\/div><\/div><\/div>\n\n\n\n<div class=\"wp-block-column is-layout-flow wp-block-column-is-layout-flow\"><div class=\"item wysiwyg component-html\" >\n<h5 style=\"font-size: 1.8em; margin-top: 0px\" class=\"wp-block-heading\">Heures<br>d&rsquo;ouverture<\/h5>\n<\/div>\n\n<div class=\"item wysiwyg component-paragraph\" >\n<p>\u2014 Ferm\u00e9 pour la saison.<\/p>\n<\/div>\n\n<div class=\"item wysiwyg component-html\" >\n<h5 style=\"font-size: 1.8em; margin-top: 2em\" class=\"wp-block-heading\">Adresse<\/h5>\n<\/div>\n\n<div class=\"item wysiwyg component-html\" >\n<h4 style=\"font-family: DomaineText,serif\" class=\"wp-block-heading\">966 rue Saint-Jean<\/h4>\n<\/div>\n\n<div class=\"item wysiwyg component-paragraph\" >\n<p>Pour savoir comment vous rendre au Diamant, <br>consultez la page <a href=\"https:\/\/www.lediamant.ca\/fr\/informations-pratiques\">Informations pratiques<\/a>.<br><\/p>\n<\/div>\n\n<div class=\"item wysiwyg component-html\" >\n<a class=\"btn btn--simple externe\" href=\"https:\/\/maps.app.goo.gl\/YVzBwxaxLtxM7p2r7\" target=\"_blank\" rel=\"noopener\">Afficher la carte<span class=\"visuallyhidden\">undefined<\/span><\/a>\n<\/div><\/div>\n<\/div>\n<\/div>\n\n<div class=\"item component-spacer\" ><div class=\"container\">\n<div style=\"height:40px\" aria-hidden=\"true\" class=\"wp-block-spacer\"><\/div>\n<\/div><\/div>\n\n<div class=\"item wysiwyg component-html\" >\n<video autoplay muted loop playsinline poster=\"https:\/\/www.lediamant.ca\/wp-content\/uploads\/2025\/07\/terrasse-poster.jpg\"\n           style=\"pointer-events: none; width: 100%; height: auto;\" \n           oncontextmenu=\"return false;\">\n        <source src=\"https:\/\/www.lediamant.ca\/wp-content\/uploads\/2025\/07\/Terrasse.mp4\" type=\"video\/mp4\">\n        Votre navigateur ne prend pas en charge cette vid\u00e9o.\n    <\/video>\n<\/div>\n\n<div class=\"item component-spacer\" ><div class=\"container\">\n<div style=\"height:40px\" aria-hidden=\"true\" class=\"wp-block-spacer\"><\/div>\n<\/div><\/div>\n\n<div class=\"item component-columns\">\n<div class=\"wp-block-columns is-layout-flex wp-container-core-columns-is-layout-9d6595d7 wp-block-columns-is-layout-flex\">\n<div class=\"wp-block-column is-layout-flow wp-block-column-is-layout-flow\"><div class=\"item wysiwyg component-icon-text\" >\n\n<div class=\"bloc-text-icon\">\n            <img decoding=\"async\" src=\"\" alt=\"\" loading=\"lazy\">\n        <strong class=\"bloc-text-icon__title h4\">Menu<\/strong>\n\n            <p>Le Diamant vous propose un menu sympathique compos\u00e9 de breuvages, de cocktails et de mocktails rafra\u00eechissants, le tout accompagn\u00e9 d\u2019un choix de grignotines.<\/p>\n<p><!--\n<a class=\"btn btn--simple\" href=\"#\" rel=\"noopener noreferrer\" onclick=\" window.open( 'https:\/\/www.lediamant.ca\/menu-fr-a', 'Menu', 'width=475,height=1500,toolbar=no,menubar=no,scrollbars=yes,resizable=yes' ); return false;\">Consulter le menu<\/a>\n--><\/p>\n    \n    <\/div><\/div>\n\n<div class=\"item component-spacer\" ><div class=\"container\">\n<div style=\"height:32px\" aria-hidden=\"true\" class=\"wp-block-spacer\"><\/div>\n<\/div><\/div>\n\n<div class=\"item wysiwyg component-images-slider\" >    <div class=\"js-images-slider images-slider images-slider--square\">\n\n        <nav data-slider-nav class=\"images-slider__navigation\" data-aria-label=\"Navigation du carrousel\">\n                            <button type=\"button\" aria-label=\"Pr\u00e9c\u00e9dent\" class=\"images-slider__chevron images-slider__chevron--prev\">\n                    <svg aria-hidden=\"true\" focusable=\"false\" width=\"20\" height=\"62\">\n                        <use xlink:href=\"#ico-arrow-right-2\"><\/use>\n                    <\/svg>\n                <\/button>\n                <button type=\"button\" aria-label=\"Suivant\" class=\"images-slider__chevron images-slider__chevron--next\">\n                    <svg aria-hidden=\"true\" focusable=\"false\" width=\"20\" height=\"62\">\n                        <use xlink:href=\"#ico-arrow-right-2\"><\/use>\n                    <\/svg>\n                <\/button>\n                    <\/nav>\n        <div class=\"images-slider__wrapper\" data-slider-items role=\"list\">\n                                            <div class=\"images-slider__item\">\n                    <img decoding=\"async\" src=\"https:\/\/www.lediamant.ca\/wp-content\/uploads\/2024\/06\/Terrasse-carrousel-menu-cocktails.jpg\" data-src=\"https:\/\/www.lediamant.ca\/wp-content\/uploads\/2024\/06\/Terrasse-carrousel-menu-cocktails.jpg\" alt=\"\" class=\"images-slider__img tns-lazy-img\" loading=\"lazy\">\n                                    <\/div>\n                                            <div class=\"images-slider__item\">\n                    <img decoding=\"async\" src=\"\" data-src=\"https:\/\/www.lediamant.ca\/wp-content\/uploads\/2024\/07\/Terrasse-carrousel-menu-spritz-scaled.jpg\" alt=\"\" class=\"images-slider__img tns-lazy-img\" loading=\"lazy\">\n                                    <\/div>\n                                            <div class=\"images-slider__item\">\n                    <img decoding=\"async\" src=\"\" data-src=\"https:\/\/www.lediamant.ca\/wp-content\/uploads\/2023\/05\/Terrasse-carrousel-05-1.jpg\" alt=\"\" class=\"images-slider__img tns-lazy-img\" loading=\"lazy\">\n                                            <span class=\"images-slider__copyright\">Photo \u2014 St\u00e9phane Bourgeois<\/span>\n                                    <\/div>\n                                            <div class=\"images-slider__item\">\n                    <img decoding=\"async\" src=\"\" data-src=\"https:\/\/www.lediamant.ca\/wp-content\/uploads\/2023\/05\/Terrasse-carrousel-02.jpg\" alt=\"\" class=\"images-slider__img tns-lazy-img\" loading=\"lazy\">\n                                            <span class=\"images-slider__copyright\">Photo \u2014 St\u00e9phane Bourgeois<\/span>\n                                    <\/div>\n                    <\/div>\n    <\/div>\n<\/div>\n\n<div class=\"item component-spacer\" ><div class=\"container\">\n<div style=\"height:25px\" aria-hidden=\"true\" class=\"wp-block-spacer\"><\/div>\n<\/div><\/div><\/div>\n\n\n\n<div class=\"wp-block-column is-layout-flow wp-block-column-is-layout-flow\"><div class=\"item wysiwyg component-icon-text\" >\n\n<div class=\"bloc-text-icon\">\n            <img decoding=\"async\" src=\"\" alt=\"\" loading=\"lazy\">\n        <strong class=\"bloc-text-icon__title h4\">15\u2009% de rabais<br>pour les membres<\/strong>\n\n            <p class=\"p1\"><span style=\"font-weight: 400;\">Les membres du programme d\u2019infid\u00e9lit\u00e9 Les Amant-e-s du Diamant b\u00e9n\u00e9ficient d\u2019un 15\u2009% de rabais sur leur facture au Toit-terrasse en pr\u00e9sentant leur <em>Preuve d\u2019attachement<\/em>.<\/span><\/p>\n    \n            <a class=\"btn btn--simple\" href=\"https:\/\/www.lediamant.ca\/fr\/amants\" target=\"\">En savoir plus<\/a>\n    <\/div><\/div>\n\n<div class=\"item component-spacer\" ><div class=\"container\">\n<div style=\"height:25px\" aria-hidden=\"true\" class=\"wp-block-spacer\"><\/div>\n<\/div><\/div><\/div>\n\n\n\n<div class=\"wp-block-column is-layout-flow wp-block-column-is-layout-flow\"><div class=\"item wysiwyg component-icon-text\" >\n\n<div class=\"bloc-text-icon\">\n            <img decoding=\"async\" src=\"\" alt=\"\" loading=\"lazy\">\n        <strong class=\"bloc-text-icon__title h4\">Groupes \u2014 Conditions<\/strong>\n\n            <p>Les groupes de plus de 8 personnes doivent r\u00e9server obligatoirement par courriel \u00e0 <a href=\"mailto:billetterie@lediamant.ca\">billetterie@lediamant.ca<\/a>. Si la demande est effectu\u00e9e par Libro, la r\u00e9servation sera refus\u00e9e.<\/p>\n<p><span style=\"font-weight: 400;\">Veuillez prendre note que nous ne pouvons garantir une table ou un emplacement d\u00e9sir\u00e9. Nous ferons tout notre possible pour satisfaire votre requ\u00eate.<\/span><\/p>\n    \n    <\/div><\/div><\/div>\n<\/div>\n<\/div>","protected":false},"excerpt":{"rendered":"Le Toit-terrasse du Diamant Le Toit-terrasse du Diamant, situ\u00e9 au c\u0153ur du Vieux-Qu\u00e9bec, vous permet de passer un moment sympathique avec les convives de votre choix que ce soit pour l\u2019ap\u00e9ro, pour vivre l\u2019ambiance de la place D\u2019Youville ou pour tous les autres \u00e9v\u00e9nements. Un lieu o\u00f9 il fait bon vivre&nbsp;! Notre lieu est accessible [&hellip;]","protected":false},"author":2,"featured_media":1561,"parent":0,"menu_order":0,"comment_status":"closed","ping_status":"closed","template":"","meta":{"_acf_changed":false,"footnotes":""},"class_list":["post-297","page","type-page","status-publish","has-post-thumbnail","hentry"],"acf":[],"yoast_head":"<!-- This site is optimized with the Yoast SEO plugin v26.5 - https:\/\/yoast.com\/wordpress\/plugins\/seo\/ -->\n<title>Le Toit-terrasse du Diamant - Le Diamant<\/title>\n<meta name=\"description\" content=\"Le Diamant d\u00e9voile une de ses plus belles facettes: son toit-terrasse! Vous aurez un point de vue exceptionnel sur le Vieux-Qu\u00e9bec.\" \/>\n<meta name=\"robots\" content=\"index, follow, max-snippet:-1, max-image-preview:large, max-video-preview:-1\" \/>\n<link rel=\"canonical\" href=\"https:\/\/www.lediamant.ca\/fr\/terrasse\" \/>\n<meta property=\"og:locale\" content=\"fr_FR\" \/>\n<meta property=\"og:type\" content=\"article\" \/>\n<meta property=\"og:title\" content=\"Le Toit-terrasse du Diamant\" \/>\n<meta property=\"og:description\" content=\"Une vue imprenable sur le Vieux-Qu\u00e9bec\" \/>\n<meta property=\"og:url\" content=\"https:\/\/www.lediamant.ca\/fr\/terrasse\" \/>\n<meta property=\"og:site_name\" content=\"Le Diamant\" \/>\n<meta property=\"article:publisher\" content=\"https:\/\/www.facebook.com\/lediamantqc\/\" \/>\n<meta property=\"article:modified_time\" content=\"2025-09-30T18:08:19+00:00\" \/>\n<meta property=\"og:image\" content=\"https:\/\/www.lediamant.ca\/wp-content\/uploads\/2023\/05\/terrasse-opengraph.jpg\" \/>\n\t<meta property=\"og:image:width\" content=\"1200\" \/>\n\t<meta property=\"og:image:height\" content=\"630\" \/>\n\t<meta property=\"og:image:type\" content=\"image\/jpeg\" \/>\n<meta name=\"twitter:card\" content=\"summary_large_image\" \/>\n<meta name=\"twitter:site\" content=\"@lediamant_qc\" \/>\n<meta name=\"twitter:label1\" content=\"Dur\u00e9e de lecture estim\u00e9e\" \/>\n\t<meta name=\"twitter:data1\" content=\"1 minute\" \/>\n<script type=\"application\/ld+json\" class=\"yoast-schema-graph\">{\"@context\":\"https:\/\/schema.org\",\"@graph\":[{\"@type\":\"WebPage\",\"@id\":\"https:\/\/www.lediamant.ca\/fr\/terrasse\",\"url\":\"https:\/\/www.lediamant.ca\/fr\/terrasse\",\"name\":\"Le Toit-terrasse du Diamant - Le Diamant\",\"isPartOf\":{\"@id\":\"https:\/\/www.lediamant.ca\/fr\/#website\"},\"primaryImageOfPage\":{\"@id\":\"https:\/\/www.lediamant.ca\/fr\/terrasse#primaryimage\"},\"image\":{\"@id\":\"https:\/\/www.lediamant.ca\/fr\/terrasse#primaryimage\"},\"thumbnailUrl\":\"https:\/\/www.lediamant.ca\/wp-content\/uploads\/2023\/04\/Terrasse-Bandeau-1-scaled.jpg\",\"datePublished\":\"2023-02-09T13:45:56+00:00\",\"dateModified\":\"2025-09-30T18:08:19+00:00\",\"description\":\"Le Diamant d\u00e9voile une de ses plus belles facettes: son toit-terrasse! Vous aurez un point de vue exceptionnel sur le Vieux-Qu\u00e9bec.\",\"breadcrumb\":{\"@id\":\"https:\/\/www.lediamant.ca\/fr\/terrasse#breadcrumb\"},\"inLanguage\":\"fr-FR\",\"potentialAction\":[{\"@type\":\"ReadAction\",\"target\":[\"https:\/\/www.lediamant.ca\/fr\/terrasse\"]}]},{\"@type\":\"ImageObject\",\"inLanguage\":\"fr-FR\",\"@id\":\"https:\/\/www.lediamant.ca\/fr\/terrasse#primaryimage\",\"url\":\"https:\/\/www.lediamant.ca\/wp-content\/uploads\/2023\/04\/Terrasse-Bandeau-1-scaled.jpg\",\"contentUrl\":\"https:\/\/www.lediamant.ca\/wp-content\/uploads\/2023\/04\/Terrasse-Bandeau-1-scaled.jpg\",\"width\":2560,\"height\":914},{\"@type\":\"BreadcrumbList\",\"@id\":\"https:\/\/www.lediamant.ca\/fr\/terrasse#breadcrumb\",\"itemListElement\":[{\"@type\":\"ListItem\",\"position\":1,\"name\":\"Accueil\",\"item\":\"https:\/\/www.lediamant.ca\/fr\"},{\"@type\":\"ListItem\",\"position\":2,\"name\":\"Le Toit-terrasse du Diamant\"}]},{\"@type\":\"WebSite\",\"@id\":\"https:\/\/www.lediamant.ca\/fr\/#website\",\"url\":\"https:\/\/www.lediamant.ca\/fr\/\",\"name\":\"Le Diamant\",\"description\":\"Salle de spectacle situ\u00e9e \u00e0 place D&#039;Youville, Qu\u00e9bec (Canada). D\u00e9couvrez notre programmation.\",\"publisher\":{\"@id\":\"https:\/\/www.lediamant.ca\/fr\/#organization\"},\"potentialAction\":[{\"@type\":\"SearchAction\",\"target\":{\"@type\":\"EntryPoint\",\"urlTemplate\":\"https:\/\/www.lediamant.ca\/fr\/?s={search_term_string}\"},\"query-input\":{\"@type\":\"PropertyValueSpecification\",\"valueRequired\":true,\"valueName\":\"search_term_string\"}}],\"inLanguage\":\"fr-FR\"},{\"@type\":\"Organization\",\"@id\":\"https:\/\/www.lediamant.ca\/fr\/#organization\",\"name\":\"Le Diamant\",\"url\":\"https:\/\/www.lediamant.ca\/fr\/\",\"logo\":{\"@type\":\"ImageObject\",\"inLanguage\":\"fr-FR\",\"@id\":\"https:\/\/www.lediamant.ca\/fr\/#\/schema\/logo\/image\/\",\"url\":\"https:\/\/www.lediamant.ca\/wp-content\/uploads\/2023\/05\/le-diamant-logo.png\",\"contentUrl\":\"https:\/\/www.lediamant.ca\/wp-content\/uploads\/2023\/05\/le-diamant-logo.png\",\"width\":1000,\"height\":750,\"caption\":\"Le Diamant\"},\"image\":{\"@id\":\"https:\/\/www.lediamant.ca\/fr\/#\/schema\/logo\/image\/\"},\"sameAs\":[\"https:\/\/www.facebook.com\/lediamantqc\/\",\"https:\/\/x.com\/lediamant_qc\"]}]}<\/script>\n<!-- \/ Yoast SEO plugin. -->","yoast_head_json":{"title":"Le Toit-terrasse du Diamant - Le Diamant","description":"Le Diamant d\u00e9voile une de ses plus belles facettes: son toit-terrasse! Vous aurez un point de vue exceptionnel sur le Vieux-Qu\u00e9bec.","robots":{"index":"index","follow":"follow","max-snippet":"max-snippet:-1","max-image-preview":"max-image-preview:large","max-video-preview":"max-video-preview:-1"},"canonical":"https:\/\/www.lediamant.ca\/fr\/terrasse","og_locale":"fr_FR","og_type":"article","og_title":"Le Toit-terrasse du Diamant","og_description":"Une vue imprenable sur le Vieux-Qu\u00e9bec","og_url":"https:\/\/www.lediamant.ca\/fr\/terrasse","og_site_name":"Le Diamant","article_publisher":"https:\/\/www.facebook.com\/lediamantqc\/","article_modified_time":"2025-09-30T18:08:19+00:00","og_image":[{"width":1200,"height":630,"url":"https:\/\/www.lediamant.ca\/wp-content\/uploads\/2023\/05\/terrasse-opengraph.jpg","type":"image\/jpeg"}],"twitter_card":"summary_large_image","twitter_site":"@lediamant_qc","twitter_misc":{"Dur\u00e9e de lecture estim\u00e9e":"1 minute"},"schema":{"@context":"https:\/\/schema.org","@graph":[{"@type":"WebPage","@id":"https:\/\/www.lediamant.ca\/fr\/terrasse","url":"https:\/\/www.lediamant.ca\/fr\/terrasse","name":"Le Toit-terrasse du Diamant - Le Diamant","isPartOf":{"@id":"https:\/\/www.lediamant.ca\/fr\/#website"},"primaryImageOfPage":{"@id":"https:\/\/www.lediamant.ca\/fr\/terrasse#primaryimage"},"image":{"@id":"https:\/\/www.lediamant.ca\/fr\/terrasse#primaryimage"},"thumbnailUrl":"https:\/\/www.lediamant.ca\/wp-content\/uploads\/2023\/04\/Terrasse-Bandeau-1-scaled.jpg","datePublished":"2023-02-09T13:45:56+00:00","dateModified":"2025-09-30T18:08:19+00:00","description":"Le Diamant d\u00e9voile une de ses plus belles facettes: son toit-terrasse! Vous aurez un point de vue exceptionnel sur le Vieux-Qu\u00e9bec.","breadcrumb":{"@id":"https:\/\/www.lediamant.ca\/fr\/terrasse#breadcrumb"},"inLanguage":"fr-FR","potentialAction":[{"@type":"ReadAction","target":["https:\/\/www.lediamant.ca\/fr\/terrasse"]}]},{"@type":"ImageObject","inLanguage":"fr-FR","@id":"https:\/\/www.lediamant.ca\/fr\/terrasse#primaryimage","url":"https:\/\/www.lediamant.ca\/wp-content\/uploads\/2023\/04\/Terrasse-Bandeau-1-scaled.jpg","contentUrl":"https:\/\/www.lediamant.ca\/wp-content\/uploads\/2023\/04\/Terrasse-Bandeau-1-scaled.jpg","width":2560,"height":914},{"@type":"BreadcrumbList","@id":"https:\/\/www.lediamant.ca\/fr\/terrasse#breadcrumb","itemListElement":[{"@type":"ListItem","position":1,"name":"Accueil","item":"https:\/\/www.lediamant.ca\/fr"},{"@type":"ListItem","position":2,"name":"Le Toit-terrasse du Diamant"}]},{"@type":"WebSite","@id":"https:\/\/www.lediamant.ca\/fr\/#website","url":"https:\/\/www.lediamant.ca\/fr\/","name":"Le Diamant","description":"Salle de spectacle situ\u00e9e \u00e0 place D&#039;Youville, Qu\u00e9bec (Canada). D\u00e9couvrez notre programmation.","publisher":{"@id":"https:\/\/www.lediamant.ca\/fr\/#organization"},"potentialAction":[{"@type":"SearchAction","target":{"@type":"EntryPoint","urlTemplate":"https:\/\/www.lediamant.ca\/fr\/?s={search_term_string}"},"query-input":{"@type":"PropertyValueSpecification","valueRequired":true,"valueName":"search_term_string"}}],"inLanguage":"fr-FR"},{"@type":"Organization","@id":"https:\/\/www.lediamant.ca\/fr\/#organization","name":"Le Diamant","url":"https:\/\/www.lediamant.ca\/fr\/","logo":{"@type":"ImageObject","inLanguage":"fr-FR","@id":"https:\/\/www.lediamant.ca\/fr\/#\/schema\/logo\/image\/","url":"https:\/\/www.lediamant.ca\/wp-content\/uploads\/2023\/05\/le-diamant-logo.png","contentUrl":"https:\/\/www.lediamant.ca\/wp-content\/uploads\/2023\/05\/le-diamant-logo.png","width":1000,"height":750,"caption":"Le Diamant"},"image":{"@id":"https:\/\/www.lediamant.ca\/fr\/#\/schema\/logo\/image\/"},"sameAs":["https:\/\/www.facebook.com\/lediamantqc\/","https:\/\/x.com\/lediamant_qc"]}]}},"_links":{"self":[{"href":"https:\/\/www.lediamant.ca\/fr\/wp-json\/wp\/v2\/pages\/297","targetHints":{"allow":["GET"]}}],"collection":[{"href":"https:\/\/www.lediamant.ca\/fr\/wp-json\/wp\/v2\/pages"}],"about":[{"href":"https:\/\/www.lediamant.ca\/fr\/wp-json\/wp\/v2\/types\/page"}],"author":[{"embeddable":true,"href":"https:\/\/www.lediamant.ca\/fr\/wp-json\/wp\/v2\/users\/2"}],"replies":[{"embeddable":true,"href":"https:\/\/www.lediamant.ca\/fr\/wp-json\/wp\/v2\/comments?post=297"}],"version-history":[{"count":332,"href":"https:\/\/www.lediamant.ca\/fr\/wp-json\/wp\/v2\/pages\/297\/revisions"}],"predecessor-version":[{"id":19638,"href":"https:\/\/www.lediamant.ca\/fr\/wp-json\/wp\/v2\/pages\/297\/revisions\/19638"}],"wp:featuredmedia":[{"embeddable":true,"href":"https:\/\/www.lediamant.ca\/fr\/wp-json\/wp\/v2\/media\/1561"}],"wp:attachment":[{"href":"https:\/\/www.lediamant.ca\/fr\/wp-json\/wp\/v2\/media?parent=297"}],"curies":[{"name":"wp","href":"https:\/\/api.w.org\/{rel}","templated":true}]}}