{"id":2725,"date":"2023-05-09T22:09:29","date_gmt":"2023-05-10T02:09:29","guid":{"rendered":"https:\/\/www.lediamant.ca\/?page_id=2725"},"modified":"2025-03-18T12:45:43","modified_gmt":"2025-03-18T16:45:43","slug":"campagne-majeure-de-financement-prive","status":"publish","type":"page","link":"https:\/\/www.lediamant.ca\/fr\/soutenir-le-diamant\/campagne-majeure-de-financement-prive","title":{"rendered":"Campagne majeure de financement priv\u00e9"},"content":{"rendered":"<div class=\"item wysiwyg component-paragraph\" >\n<p>Pilot\u00e9e \u00e0 l&rsquo;origine par l\u2019alliance de deux figures incontournables de la finance au Qu\u00e9bec, le regrett\u00e9 <strong>M. L. Jacques M\u00e9nard<\/strong>, ancien pr\u00e9sident de BMO Groupe financier, Qu\u00e9bec, et pr\u00e9sident du conseil de BMO Nesbitt Burns, et <strong>Mme Monique Leroux<\/strong>, ancienne pr\u00e9sidente et chef de la direction du Mouvement Desjardins, la campagne visait \u00e0 r\u00e9unir un groupe de grands b\u00e2tisseurs autour de ce projet des plus porteurs. Le Diamant tient \u00e0 souligner l&rsquo;apport essentiel des copr\u00e9sidents qui leur ont succ\u00e9d\u00e9, <strong>M. Claude Gagnon<\/strong>, ancien pr\u00e9sident, op\u00e9rations de BMO Groupe financier, Qu\u00e9bec, <strong>M. Guy Cormier<\/strong>, Pr\u00e9sident et chef de la direction, Mouvement Desjardins et, plus r\u00e9cemment, <strong>M. Gr\u00e9goire Baillargeon<\/strong>, Pr\u00e9sident, BMO Groupe financier, Qu\u00e9bec.<\/p>\n<\/div>\n\n<div class=\"item wysiwyg component-heading\" >\n<h5 class=\"wp-block-heading\"><strong>L&rsquo;Objectif de 10 M$ a \u00e9t\u00e9 atteint le 25 janvier 2024.<\/strong><\/h5>\n<\/div>\n\n<div class=\"item wysiwyg component-paragraph\" >\n<p>Lire le <a href=\"https:\/\/www.lediamant.ca\/fr\/lobjectif-de-10-millions-est-atteint\">communiqu\u00e9<\/a>.<\/p>\n<\/div>\n\n<div class=\"item component-spacer\" ><div class=\"container\">\n<div style=\"height:50px\" aria-hidden=\"true\" class=\"wp-block-spacer\"><\/div>\n<\/div><\/div>\n\n<div class=\"item wysiwyg component-heading\" >\n<h3 class=\"wp-block-heading\">Partenaires priv\u00e9s<\/h3>\n<\/div>\n\n<div class=\"item wysiwyg component-paragraph\" >\n<p>Merci \u00e0 nos donateurs de la campagne majeure de financement priv\u00e9. Gr\u00e2ce \u00e0 eux, l&rsquo;objectif de 10 millions de dollars a \u00e9t\u00e9 atteint.<\/p>\n<\/div>\n\n<div class=\"item component-spacer\" ><div class=\"container\">\n<div style=\"height:25px\" aria-hidden=\"true\" class=\"wp-block-spacer\"><\/div>\n<\/div><\/div>\n\n<div class=\"item wysiwyg component-html\" >\n<!-- Visionnaires -->\n<h5 style=\"margin-bottom: 6.5rem;\">Visionnaires &#8211; 1 million et plus<\/h5>\n<div style=\"list-style: none; display: flex; align-items: center; flex-wrap: wrap;\">\n    <img src=\"https:\/\/www.lediamant.ca\/wp-content\/uploads\/2023\/12\/Bell.svg\" class=\"\" alt=\"Bell\" decoding=\"async\" loading=\"lazy\" style=\"margin-right: 6rem; margin-bottom: 6rem;\">\n    <img src=\"https:\/\/www.lediamant.ca\/wp-content\/uploads\/2023\/05\/BMO-Groupe-financier.svg\" class=\"\" alt=\"BMO Groupe financier\" decoding=\"async\" loading=\"lazy\" style=\"margin-right: 6rem; margin-bottom: 6rem;\">\n    <img src=\"https:\/\/www.lediamant.ca\/wp-content\/uploads\/2023\/05\/Hydro-Quebec.svg\" class=\"\" alt=\"Hydro-Qu\u00e9bec\" decoding=\"async\" loading=\"lazy\" style=\"margin-right: 6rem; margin-bottom: 6rem;\">\n    <img src=\"https:\/\/www.lediamant.ca\/wp-content\/uploads\/2023\/08\/Fondation-Sandra-et-Alain-Bouchard.svg\" class=\"\" alt=\"Fondation Sandra et Alain Bouchard\" decoding=\"async\" loading=\"lazy\" style=\"margin-right: 6rem; margin-bottom: 6rem;\">\n    <p style=\"margin-right: 6rem;\">Robert Lepage<\/p>\n<\/div>\n<!-- Fondateurs -->\n<h5 style=\"margin-bottom: 6.5rem;margin-top: 10rem;\">Fondateurs &#8211; 500\u2009000\u2009$ \u00e0 999\u2009000\u2009$<\/h5>\n<div style=\"list-style: none; display: flex; align-items: center; flex-wrap: wrap;\">\n    <img src=\"https:\/\/www.lediamant.ca\/wp-content\/uploads\/2023\/05\/Desjardins.svg\" class=\"\" alt=\"Desjardins\" decoding=\"async\" loading=\"lazy\" style=\"margin-right: 6rem; margin-bottom: 6rem; margin-bottom: 6rem;\">\n    <img src=\"https:\/\/www.lediamant.ca\/wp-content\/uploads\/2023\/05\/Kabuchan-International.svg\" class=\"\" alt=\"Kabuchan International\" decoding=\"async\" loading=\"lazy\" style=\"margin-right: 6rem; margin-bottom: 6rem; margin-bottom: 6rem;\">\n    <img src=\"https:\/\/www.lediamant.ca\/wp-content\/uploads\/2023\/05\/Power-Corporation-du-Canada.svg\" class=\"\" alt=\"Power Corporation du Canada\" decoding=\"async\" loading=\"lazy\" style=\"margin-right: 6rem; margin-bottom: 6rem; margin-bottom: 6rem; margin-bottom: 6rem;\">\n<\/div>\n<!-- B\u00e2tisseurs -->\n<h5 style=\"margin-bottom: 6.5rem;margin-top: 10rem;\">B\u00e2tisseurs &#8211; 250\u2009000\u2009$ \u00e0 499\u2009000\u2009$<\/h5>\n<div style=\"list-style: none; display: flex; align-items: center; flex-wrap: wrap;\">\n    <img src=\"https:\/\/www.lediamant.ca\/wp-content\/uploads\/2023\/05\/Canam-Manac.svg\" class=\"\" alt=\"Groupe Canam et Manac\" decoding=\"async\" loading=\"lazy\" style=\"margin-right: 6rem; margin-bottom: 6rem; margin-bottom: 6rem;\">\n    <img src=\"https:\/\/www.lediamant.ca\/wp-content\/uploads\/2023\/05\/Dallaire.svg\" class=\"\" alt=\"Groupe Dallaire\" decoding=\"async\" loading=\"lazy\" style=\"margin-right: 6rem; margin-bottom: 6rem; margin-bottom: 6rem;\">\n    <img src=\"https:\/\/www.lediamant.ca\/wp-content\/uploads\/2023\/05\/Fondaction.svg\" class=\"\" alt=\"Fondaction\" decoding=\"async\" loading=\"lazy\" style=\"margin-right: 6rem; margin-bottom: 6rem; margin-bottom: 6rem;\">\n    <img src=\"https:\/\/www.lediamant.ca\/wp-content\/uploads\/2023\/04\/Beneva-1.svg\" class=\"\" alt=\"Beneva\" decoding=\"async\" loading=\"lazy\" style=\"margin-right: 6rem; margin-bottom: 6rem; margin-bottom: 6rem;\">\n    <p style=\"margin-right: 6rem;\">Sylvia Soyka<\/p>\n    <p style=\"margin-right: 6rem;\">Donateurs anonymes<\/p>\n<\/div>\n<!-- Associ\u00e9s -->\n<h5 style=\"margin-bottom: 6.5rem;margin-top: 10rem;\">Associ\u00e9s &#8211; 50\u2009000\u2009$ \u00e0 249\u2009000\u2009$<\/h5>\n<div style=\"list-style: none; display: flex; align-items: center; flex-wrap: wrap;\">\n    <img src=\"https:\/\/www.lediamant.ca\/wp-content\/uploads\/2023\/05\/Banque-nationale.svg\" class=\"\" alt=\"Banque Nationale du Canada\" decoding=\"async\" loading=\"lazy\" style=\"margin-right: 6rem; margin-bottom: 6rem;\">\n    <img src=\"https:\/\/www.lediamant.ca\/wp-content\/uploads\/2023\/05\/Cogeco.svg\" class=\"\" alt=\"Cogeco\" decoding=\"async\" loading=\"lazy\" style=\"margin-right: 6rem; margin-bottom: 6rem;\">\n    <img src=\"https:\/\/www.lediamant.ca\/wp-content\/uploads\/2023\/05\/Pomerleau.svg\" class=\"\" alt=\"Pomerleau\" decoding=\"async\" loading=\"lazy\" style=\"margin-right: 6rem; margin-bottom: 6rem;\">\n    <img src=\"https:\/\/www.lediamant.ca\/wp-content\/uploads\/2023\/05\/Cominar.svg\" class=\"\" alt=\"Cominar\" decoding=\"async\" loading=\"lazy\" style=\"margin-right: 6rem; margin-bottom: 6rem;\">\n    <img src=\"https:\/\/www.lediamant.ca\/wp-content\/uploads\/2023\/05\/Sanimax.svg\" class=\"\" alt=\"Sanimax\" decoding=\"async\" loading=\"lazy\" style=\"margin-right: 6rem; margin-bottom: 6rem;\">\n    <p style=\"margin-right: 6rem;\">Genevi\u00e8ve Marcon et Jean Campeau<\/p>\n    <p style=\"margin-right: 6rem;\">L. Jacques et Marie-Jos\u00e9 M\u00e9nard<\/p>\n    <p style=\"margin-right: 6rem;\">Daniel Gauthier<\/p>\n<\/div>\n<!-- Architectes -->\n<h5 style=\"margin-bottom: 6.5rem;margin-top: 10rem;\">Architectes<\/h5>\n<div style=\"list-style: none; display: flex; align-items: center; flex-wrap: wrap;\">\n    <img src=\"https:\/\/www.lediamant.ca\/wp-content\/uploads\/2023\/12\/Coarchitecture.svg\" class=\"\" alt=\"Coarchitecture\" decoding=\"async\" loading=\"lazy\" style=\"margin-right: 6rem; margin-bottom: 6rem;\">\n<\/div>\n<\/div>\n\n<div class=\"item wysiwyg component-embed\" >\n<figure class=\"wp-block-embed is-type-video is-provider-youtube wp-block-embed-youtube wp-embed-aspect-16-9 wp-has-aspect-ratio\"><div class=\"wp-block-embed__wrapper\">\n<iframe loading=\"lazy\" title=\"Le Diamant se d\u00e9voile!\" width=\"500\" height=\"281\" src=\"https:\/\/www.youtube.com\/embed\/DXWbLb8J8KA?feature=oembed\" frameborder=\"0\" allow=\"accelerometer; autoplay; clipboard-write; encrypted-media; gyroscope; picture-in-picture; web-share\" referrerpolicy=\"strict-origin-when-cross-origin\" allowfullscreen><\/iframe>\n<\/div><\/figure>\n<\/div>\n\n\n<div class=\"wp-block-group has-light-gray-background-color has-background\"><div class=\"wp-block-group__inner-container is-layout-constrained wp-block-group-is-layout-constrained\"><div class=\"item component-columns\">\n<div class=\"wp-block-columns are-vertically-aligned-top is-layout-flex wp-container-core-columns-is-layout-9d6595d7 wp-block-columns-is-layout-flex\">\n<div class=\"wp-block-column is-vertically-aligned-top is-layout-flow wp-block-column-is-layout-flow\"><div class=\"item wysiwyg component-images-slider\" >    <div class=\"js-images-slider images-slider images-slider--square\">\n\n        <nav data-slider-nav class=\"images-slider__navigation\" data-aria-label=\"Navigation du carrousel\">\n                            <button type=\"button\" aria-label=\"Pr\u00e9c\u00e9dent\" class=\"images-slider__button images-slider__button--prev\">\n                    <svg aria-hidden=\"true\" focusable=\"false\" width=\"20px\" height=\"19px\">\n                        <use xlink:href=\"#ico-arrow-right\"><\/use>\n                    <\/svg>\n                <\/button>\n                <button type=\"button\" aria-label=\"Suivant\" class=\"images-slider__button images-slider__button--next\">\n                    <svg aria-hidden=\"true\" focusable=\"false\" width=\"20px\" height=\"19px\">\n                        <use xlink:href=\"#ico-arrow-right\"><\/use>\n                    <\/svg>\n                <\/button>\n                    <\/nav>\n        <div class=\"images-slider__wrapper\" data-slider-items role=\"list\">\n                                            <div class=\"images-slider__item\">\n                    <img decoding=\"async\" src=\"https:\/\/www.lediamant.ca\/wp-content\/uploads\/2023\/04\/equipe-lynda-beaulieu.jpg\" data-src=\"https:\/\/www.lediamant.ca\/wp-content\/uploads\/2023\/04\/equipe-lynda-beaulieu.jpg\" alt=\"\" class=\"images-slider__img tns-lazy-img\" loading=\"lazy\">\n                                            <span class=\"images-slider__copyright\">Photo \u2014 H\u00e9l\u00e8ne Bouffard<\/span>\n                                    <\/div>\n                    <\/div>\n    <\/div>\n<\/div><\/div>\n\n\n\n<div class=\"wp-block-column is-vertically-aligned-top is-layout-flow wp-block-column-is-layout-flow\"><div class=\"item wysiwyg component-heading\" >\n<h3 class=\"wp-block-heading\">Offrir la culture pour tous<\/h3>\n<\/div>\n\n<div class=\"item wysiwyg component-paragraph\" >\n<p>Depuis toujours, mon attachement \u00e0 la culture guide mes actions et mes implications, de m\u00eame que ma grande sensibilit\u00e9 envers les enfants et les personnes vivant avec des limitations fonctionnelles. Aujourd\u2019hui, gr\u00e2ce \u00e0 votre g\u00e9n\u00e9rosit\u00e9, tous auront leur place dans cet espace culturel d\u00e9di\u00e9 \u00e0 la d\u00e9couverte et \u00e0 la rencontre.&nbsp;<\/p>\n<\/div>\n\n<div class=\"item wysiwyg component-paragraph\" >\n<p>Lynda Beaulieu, pr\u00e9sidente du Diamant<\/p>\n<\/div><\/div>\n<\/div>\n<\/div>\n\n<div class=\"item component-spacer\" ><div class=\"container\">\n<div style=\"height:100px\" aria-hidden=\"true\" class=\"wp-block-spacer\"><\/div>\n<\/div><\/div>\n\n<div class=\"item component-columns\">\n<div class=\"wp-block-columns reverse-mobile is-layout-flex wp-container-core-columns-is-layout-9d6595d7 wp-block-columns-is-layout-flex\">\n<div class=\"wp-block-column is-layout-flow wp-block-column-is-layout-flow\"><div class=\"item wysiwyg component-heading\" >\n<h3 class=\"wp-block-heading\">Accueillir le monde au Diamant<\/h3>\n<\/div>\n\n<div class=\"item wysiwyg component-paragraph\" >\n<p>La ville de Qu\u00e9bec m\u2019a vu na\u00eetre, mais le monde m\u2019a fait grandir. Depuis maintenant 30 ans que je parcours la plan\u00e8te, il m\u2019appara\u00eet n\u00e9cessaire de poser mes valises et de cr\u00e9er Le Diamant, un lieu de rencontre unique o\u00f9 convergeront toutes les formes d\u2019arts afin de faire rayonner la culture et l\u2019innovation d\u2019ici et d\u2019ailleurs. Aujourd&rsquo;hui, nous avons besoin de gens de vision qui croient, tout comme nos pr\u00e9sidents de campagne, que la culture repr\u00e9sente un v\u00e9ritable pilier du d\u00e9veloppement de notre soci\u00e9t\u00e9.<\/p>\n<\/div>\n\n<div class=\"item wysiwyg component-paragraph\" >\n<p>Robert Lepage, cofondateur du Diamant et directeur artistique<\/p>\n<\/div><\/div>\n\n\n\n<div class=\"wp-block-column is-layout-flow wp-block-column-is-layout-flow\"><div class=\"item wysiwyg component-images-slider\" >    <div class=\"js-images-slider images-slider images-slider--square\">\n\n        <nav data-slider-nav class=\"images-slider__navigation\" data-aria-label=\"Navigation du carrousel\">\n                            <button type=\"button\" aria-label=\"Pr\u00e9c\u00e9dent\" class=\"images-slider__button images-slider__button--prev\">\n                    <svg aria-hidden=\"true\" focusable=\"false\" width=\"20px\" height=\"19px\">\n                        <use xlink:href=\"#ico-arrow-right\"><\/use>\n                    <\/svg>\n                <\/button>\n                <button type=\"button\" aria-label=\"Suivant\" class=\"images-slider__button images-slider__button--next\">\n                    <svg aria-hidden=\"true\" focusable=\"false\" width=\"20px\" height=\"19px\">\n                        <use xlink:href=\"#ico-arrow-right\"><\/use>\n                    <\/svg>\n                <\/button>\n                    <\/nav>\n        <div class=\"images-slider__wrapper\" data-slider-items role=\"list\">\n                                            <div class=\"images-slider__item\">\n                    <img decoding=\"async\" src=\"https:\/\/www.lediamant.ca\/wp-content\/uploads\/2023\/04\/equipe-robert-lepage.jpg\" data-src=\"https:\/\/www.lediamant.ca\/wp-content\/uploads\/2023\/04\/equipe-robert-lepage.jpg\" alt=\"Robert Lepage\" class=\"images-slider__img tns-lazy-img\" loading=\"lazy\">\n                                            <span class=\"images-slider__copyright\">Photo \u2014 H\u00e9l\u00e8ne Bouffard<\/span>\n                                    <\/div>\n                    <\/div>\n    <\/div>\n<\/div><\/div>\n<\/div>\n<\/div><\/div><\/div>\n\n\n<div class=\"item wysiwyg component-heading\" >\n<h2 class=\"wp-block-heading\">En savoir plus sur le Diamant<\/h2>\n<\/div>\n\n<div class=\"item wysiwyg component-drawers\" >\n    <div class=\"block-drawers__list\" role=\"list\">\n                    <div class=\"block-drawers__item js-a11y-drawer\" role=\"listitem\">\n                <h3 class=\"block-drawers__item__title\" data-a11y-toggle><button class=\"block-drawers__item__toggle\" aria-expanded=\"false\" aria-controls=\"accordion-panel-1\">Une vitrine de notre savoir-faire et de notre excellence<\/button><\/h3>\n\n                <div id=\"accordion-panel-1\" class=\"block-drawers__item__content wysiwyg\" data-a11y-target hidden>\n                    <div class=\"js-anim block-drawers__item__padding\">\n                        <ul>\n<li>Diffusion des nouvelles cr\u00e9ations d\u2019Ex Machina et de Robert Lepage en grande premi\u00e8re mondiale<\/li>\n<li>Premier lieu de diffusion permanent pour les arts du cirque dans la Capitale-Nationale<\/li>\n<li>Offre de productions novatrices, qu\u00e9b\u00e9coises et \u00e9trang\u00e8res<\/li>\n<li>Spectacles retransmis en simultan\u00e9 ou en diff\u00e9r\u00e9<\/li>\n<\/ul>\n                    <\/div>\n                <\/div>\n            <\/div>\n                                <div class=\"block-drawers__item js-a11y-drawer\" role=\"listitem\">\n                <h3 class=\"block-drawers__item__title\" data-a11y-toggle><button class=\"block-drawers__item__toggle\" aria-expanded=\"false\" aria-controls=\"accordion-panel-2\">Une destination culturelle et touristique de calibre international<\/button><\/h3>\n\n                <div id=\"accordion-panel-2\" class=\"block-drawers__item__content wysiwyg\" data-a11y-target hidden>\n                    <div class=\"js-anim block-drawers__item__padding\">\n                        <ul>\n<li>Une locomotive artistique au c\u0153ur de la ville<\/li>\n<li>Synergie culturelle avec des \u00e9v\u00e9nements majeurs : le Carrefour international de th\u00e9\u00e2tre, le Festival d\u2019op\u00e9ra de Qu\u00e9bec et le Festival de cin\u00e9ma de la ville de Qu\u00e9bec<\/li>\n<li>Participation \u00e0 l\u2019effervescence \u00e9conomique de Qu\u00e9bec<\/li>\n<li>Pouvoir d\u2019attraction pour la tenue d\u2019une conf\u00e9rence culturelle internationale<\/li>\n<\/ul>\n                    <\/div>\n                <\/div>\n            <\/div>\n                                <div class=\"block-drawers__item js-a11y-drawer\" role=\"listitem\">\n                <h3 class=\"block-drawers__item__title\" data-a11y-toggle><button class=\"block-drawers__item__toggle\" aria-expanded=\"false\" aria-controls=\"accordion-panel-3\">Un espace de cr\u00e9ation et de diffusion exceptionnel<\/button><\/h3>\n\n                <div id=\"accordion-panel-3\" class=\"block-drawers__item__content wysiwyg\" data-a11y-target hidden>\n                    <div class=\"js-anim block-drawers__item__padding\">\n                        <ul>\n<li>Espace pluridisciplinaire et num\u00e9rique<\/li>\n<li>Point de convergence et d\u2019innovation pour les cr\u00e9ateurs<\/li>\n<li>Collaboration \u00e9troite avec la Soci\u00e9t\u00e9 des arts technologiques (SAT)<\/li>\n<li>\u00c9quipements \u00e0 la fine pointe de la technologie<\/li>\n<\/ul>\n                    <\/div>\n                <\/div>\n            <\/div>\n                                <div class=\"block-drawers__item js-a11y-drawer\" role=\"listitem\">\n                <h3 class=\"block-drawers__item__title\" data-a11y-toggle><button class=\"block-drawers__item__toggle\" aria-expanded=\"false\" aria-controls=\"accordion-panel-4\">Un levier de revitalisation<\/button><\/h3>\n\n                <div id=\"accordion-panel-4\" class=\"block-drawers__item__content wysiwyg\" data-a11y-target hidden>\n                    <div class=\"js-anim block-drawers__item__padding\">\n                        <ul>\n<li>Restauration d\u2019un b\u00e2timent laiss\u00e9 \u00e0 l\u2019abandon dans un secteur class\u00e9 au Patrimoine mondial de l\u2019UNESCO<\/li>\n<li>Actualisation de la signature architecturale de la place D\u2019Youville<\/li>\n<li>\u00c9mergence d\u2019un quartier des spectacles<\/li>\n<\/ul>\n                    <\/div>\n                <\/div>\n            <\/div>\n                        <\/div>\n\n    <\/div>\n\n<div class=\"item component-spacer\" ><div class=\"container\">\n<div style=\"height:50px\" aria-hidden=\"true\" class=\"wp-block-spacer\"><\/div>\n<\/div><\/div>\n\n<div class=\"item wysiwyg component-heading\" >\n<h2 class=\"wp-block-heading\">Un projet qui participe activement \u00e0 l\u2019\u00e9volution de la ville de Qu\u00e9bec<\/h2>\n<\/div>\n\n<div class=\"item wysiwyg component-paragraph\" >\n<p>Non seulement le projet Diamant s\u2019inscrit-il en ligne directe avec les grandes tendances actuelles, il participe pleinement aux efforts faits pour positionner Qu\u00e9bec comme destination de choix.<\/p>\n<\/div>\n\n<div class=\"item wysiwyg component-paragraph\" >\n<p>Ces efforts portant leurs fruits, il est essentiel de s\u2019appuyer sur cette base et de poursuivre sur cette lanc\u00e9e afin de faire de Qu\u00e9bec une destination incontournable, fut-elle culturelle ou d\u2019affaires. \u00c0 l\u2019image de Montr\u00e9al, New York ou Las Vegas, l\u2019offre de divertissement \u00e0 Qu\u00e9bec peut devenir un argument de poids pour attirer des client\u00e8les professionnelles.<\/p>\n<\/div>\n\n<div class=\"item wysiwyg component-paragraph\" >\n<p>Le fait que Le Diamant n\u2019offre pas de programme d\u2019abonnement de saison ajoute \u00e0 la distinction du projet, en plus de sa programmation sp\u00e9cifique. Soucieux de l\u2019\u00e9cosyst\u00e8me culturel d\u00e9j\u00e0 en place, il laisse le champ libre aux autres salles de spectacles de Qu\u00e9bec qui fid\u00e9lisent ainsi leurs client\u00e8les. Cela permet \u00e9galement de positionner le projet comme v\u00e9ritable salle culturelle \u00e0 vocation \u00e9v\u00e8nementielle, en concr\u00e9tisant la notion de place des spectacles o\u00f9 il est possible d\u2019assister \u00e0 une performance en tout temps, sans avoir \u00e0 acheter des billets pour une saison compl\u00e8te.<\/p>\n<\/div>\n\n<div class=\"item wysiwyg component-paragraph\" >\n<p><strong>Le Diamant est un projet culturel riche et porteur qui poss\u00e8de un potentiel unique de contribuer de fa\u00e7on importante \u00e0 l\u2019activit\u00e9 \u00e9conomique de la ville de Qu\u00e9bec.<\/strong><\/p>\n<\/div>\n\n<div class=\"item wysiwyg component-embed\" >\n<figure class=\"wp-block-embed is-type-video is-provider-youtube wp-block-embed-youtube wp-embed-aspect-16-9 wp-has-aspect-ratio\"><div class=\"wp-block-embed__wrapper\">\n<iframe loading=\"lazy\" title=\"Programmation inaugurale du Diamant (Automne 19)\" width=\"500\" height=\"281\" src=\"https:\/\/www.youtube.com\/embed\/3NAskiNfkpQ?feature=oembed\" frameborder=\"0\" allow=\"accelerometer; autoplay; clipboard-write; encrypted-media; gyroscope; picture-in-picture; web-share\" referrerpolicy=\"strict-origin-when-cross-origin\" allowfullscreen><\/iframe>\n<\/div><\/figure>\n<\/div>\n\n<div class=\"item wysiwyg component-paragraph\" >\n<p>Le Diamant pr\u00e9sente une programmation pluridisciplinaire dans un lieu d\u2019exception, \u00e0 l\u2019architecture contemporaine tirant ses racines du patrimoine. Il valorise l\u2019accessibilit\u00e9 pour tous les publics et s\u00e9lectionne des \u0153uvres et des cr\u00e9ateurs \u00e9clectiques qui provoquent l\u2019\u00e9v\u00e9nement \u00e0 leur passage.<\/p>\n<\/div>\n\n<div class=\"item wysiwyg component-paragraph\" >\n<p>Un organisme \u00e0 but non lucratif (OBNL) a \u00e9t\u00e9 cr\u00e9\u00e9 pour exploiter le Diamant et comprend une \u00e9quipe de gestion compl\u00e8te. Son conseil d\u2019administration est constitu\u00e9 de membres ind\u00e9pendants en provenance de diff\u00e9rents milieux. Plusieurs emplois seront \u00e9galement cr\u00e9\u00e9s dans la foul\u00e9e de la mise en activit\u00e9 du lieu de diffusion.<\/p>\n<\/div>\n\n<div class=\"item wysiwyg component-link-button\" >\n<p><a class=\"btn btn--regular\" href=\"https:\/\/www.lediamant.ca\/fr\/equipe\/\" target=\"\">Voir la composition du C.A. du Diamant<\/a><\/p><\/div>\n\n<div class=\"item wysiwyg component-heading\" >\n<h2 class=\"wp-block-heading\">Un projet qui apporte de multiples retomb\u00e9es<\/h2>\n<\/div>\n\n<div class=\"item wysiwyg component-paragraph\" >\n<p>Plusieurs objectifs ont guid\u00e9 et guident toujours la r\u00e9alisation du projet, tant du point de vue culturel que d\u2019une perspective \u00e9conomique.<\/p>\n<\/div>\n\n<div class=\"item wysiwyg component-drawers\" >\n    <div class=\"block-drawers__list\" role=\"list\">\n                    <div class=\"block-drawers__item js-a11y-drawer\" role=\"listitem\">\n                <h3 class=\"block-drawers__item__title\" data-a11y-toggle><button class=\"block-drawers__item__toggle\" aria-expanded=\"false\" aria-controls=\"accordion-panel-1\">Dimensions artistiques<\/button><\/h3>\n\n                <div id=\"accordion-panel-1\" class=\"block-drawers__item__content wysiwyg\" data-a11y-target hidden>\n                    <div class=\"js-anim block-drawers__item__padding\">\n                        <ul>\n<li>Am\u00e9nager un lieu adapt\u00e9 aux productions de la compagnie Ex Machina ;<\/li>\n<li>Lancer en primeur les nouvelles cr\u00e9ations d\u2019Ex Machina et de Robert Lepage \u00e0 Qu\u00e9bec ;<\/li>\n<li>Mettre en valeur le r\u00e9pertoire d\u2019Ex Machina en pr\u00e9sentant des productions qui ont marqu\u00e9 la sc\u00e8ne th\u00e9\u00e2trale \u00e0 travers le monde au cours des derni\u00e8res ann\u00e9es ;<\/li>\n<li>Permettre \u00e0 nos partenaires d\u2019occuper un lieu flexible \u00e0 la mesure de leurs vis\u00e9es d\u2019expansion ;<\/li>\n<li>Miser sur l&rsquo;innovation culturelle en exploitant le cr\u00e9neau des cr\u00e9ations contemporaines d\u2019artistes de calibre international, en tout respect de l\u2019\u00e9cologie culturelle locale et des partenaires du milieu d\u00e9j\u00e0 en place ;<\/li>\n<li>Servir d&rsquo;incubateur \u00e0 la rel\u00e8ve artistique de Qu\u00e9bec en lui donnant acc\u00e8s \u00e0 de l&rsquo;\u00e9quipement de pointe, facilitant ainsi son rayonnement \u00e0 l&rsquo;international ;<\/li>\n<li>Offrir une salle \u00e0 g\u00e9om\u00e9trie variable, \u00e0 la fine pointe des besoins des productions artistiques contemporaines ;<\/li>\n<li>Proposer des partenariats pertinents \u00e0 des organismes ayant pour mandat de pr\u00e9senter des \u00e9v\u00e8nements, des manifestations artistiques et des festivals \u00e0 Qu\u00e9bec ;<\/li>\n<li>\u00c9tablir une r\u00e9ciprocit\u00e9 et des alliances avec des compagnies et \u00e9v\u00e8nements internationaux et s\u2019inscrire ainsi dans les r\u00e9seaux culturels mondiaux ;<\/li>\n<li>\u00c9largir le spectre du public cible en proposant des tarifs diversifi\u00e9s et en offrant des productions grand public.<\/li>\n<\/ul>\n                    <\/div>\n                <\/div>\n            <\/div>\n                                <div class=\"block-drawers__item js-a11y-drawer\" role=\"listitem\">\n                <h3 class=\"block-drawers__item__title\" data-a11y-toggle><button class=\"block-drawers__item__toggle\" aria-expanded=\"false\" aria-controls=\"accordion-panel-2\">Dimensions urbaines<\/button><\/h3>\n\n                <div id=\"accordion-panel-2\" class=\"block-drawers__item__content wysiwyg\" data-a11y-target hidden>\n                    <div class=\"js-anim block-drawers__item__padding\">\n                        <ul>\n<li>Contribuer \u00e0 la r\u00e9novation, la conservation et le maintien d\u2019une partie historique du Vieux-Qu\u00e9bec, lui-m\u00eame class\u00e9 au Patrimoine mondial de l\u2019UNESCO parmi les biens culturels ayant une valeur universelle exceptionnelle ;<\/li>\n<li>Rehausser le rayonnement de la place D\u2019Youville et en faire la place des spectacles \u00e0 Qu\u00e9bec en y inscrivant une offre compl\u00e9mentaire \u00e0 celles du Capitole et du Palais Montcalm ;<\/li>\n<li>Moderniser la signature architecturale de la place D\u2019Youville sans la d\u00e9naturer ;<\/li>\n<li>Revitaliser plusieurs parties d\u2019immeubles d\u00e9saffect\u00e9es ;<\/li>\n<li>S\u2019ins\u00e9rer efficacement dans le tissu urbain et profiter de la convergence du transport en commun \u00e0 cet endroit.<\/li>\n<\/ul>\n<p><strong><em>Le saviez-vous ?<\/em><\/strong><em> Le Diamant fait partie des 15 projets r\u00e9compens\u00e9s par l&rsquo;Ordre des architectes du Qu\u00e9bec (OAQ) lors du gala des Prix d&rsquo;excellence en architecture 2020.\u00a0<\/em><em>Nous sommes fiers d\u2019\u00eatre le\u00a0<\/em><a href=\"https:\/\/www.oaq.com\/ordre\/prix-et-distinctions\/prix-dexcellence-en-architecture\/projets-finalistes\/le-diamant\/\"><em>laur\u00e9at dans la cat\u00e9gorie des b\u00e2timents culturels<\/em><\/a><em>\u00a0!<\/em><\/p>\n                    <\/div>\n                <\/div>\n            <\/div>\n                                <div class=\"block-drawers__item js-a11y-drawer\" role=\"listitem\">\n                <h3 class=\"block-drawers__item__title\" data-a11y-toggle><button class=\"block-drawers__item__toggle\" aria-expanded=\"false\" aria-controls=\"accordion-panel-3\">Dimensions touristiques et \u00e9conomiques<\/button><\/h3>\n\n                <div id=\"accordion-panel-3\" class=\"block-drawers__item__content wysiwyg\" data-a11y-target hidden>\n                    <div class=\"js-anim block-drawers__item__padding\">\n                        <ul>\n<li>Contribuer \u00e0 faire de Qu\u00e9bec une destination internationale de premier ordre en cr\u00e9ant un produit d\u2019appel fort, avec une offre riche et diversifi\u00e9e \u00e0 l\u2019ann\u00e9e, gr\u00e2ce \u00e0 un lieu artistique d&rsquo;envergure ;<\/li>\n<li>Accro\u00eetre le potentiel d\u2019attraction touristique de la ville de Qu\u00e9bec avec la pr\u00e9sentation de primeurs ;<\/li>\n<li>Participer au d\u00e9veloppement \u00e9conomique de Qu\u00e9bec ;<\/li>\n<li>Attirer et conserver des emplois sp\u00e9cialis\u00e9s dans la r\u00e9gion.<\/li>\n<\/ul>\n                    <\/div>\n                <\/div>\n            <\/div>\n                        <\/div>\n\n    <\/div>\n\n<div class=\"item wysiwyg component-heading\" >\n<h2 class=\"wp-block-heading\">S\u2019associer au Diamant en tant que grand donateur, c\u2019est\u2026<\/h2>\n<\/div>\n\n<div class=\"item wysiwyg component-list\" >\n<ul class=\"wp-block-list\">\n<li>Prendre part \u00e0 une mouvance dans laquelle les donateurs du secteur priv\u00e9 offrent aux institutions culturelles qu\u00e9b\u00e9coises une plateforme internationale d\u00e9di\u00e9e \u00e0 nos cr\u00e9atrices et nos cr\u00e9ateurs ;<\/li>\n\n\n\n<li>S\u2019associer \u00e0 l\u2019image de marque d\u2019Ex Machina et de Robert Lepage et leur travail reconnu mondialement ;<\/li>\n\n\n\n<li>B\u00e9n\u00e9ficier de plusieurs outils de reconnaissance aupr\u00e8s d\u2019une client\u00e8le locale et internationale.<\/li>\n<\/ul>\n<\/div>\n\n<div class=\"item wysiwyg component-link-button\" >\n<p><a class=\"btn btn--regular\" href=\"https:\/\/www.lediamant.ca\/fr\/partenaires\/\" target=\"\">Voir nos partenaires culturels et donateurs<\/a><\/p><\/div>\n\n<div class=\"item wysiwyg component-heading\" >\n<h4 class=\"wp-block-heading\">Laissez-vous s\u00e9duire par une visite VIP du Diamant!<\/h4>\n<\/div>\n\n<div class=\"item component-spacer\" ><div class=\"container\">\n<div style=\"height:100px\" aria-hidden=\"true\" class=\"wp-block-spacer\"><\/div>\n<\/div><\/div>","protected":false},"excerpt":{"rendered":"Pilot\u00e9e \u00e0 l&rsquo;origine par l\u2019alliance de deux figures incontournables de la finance au Qu\u00e9bec, le regrett\u00e9 M. L. Jacques M\u00e9nard, ancien pr\u00e9sident de BMO Groupe financier, Qu\u00e9bec, et pr\u00e9sident du conseil de BMO Nesbitt Burns, et Mme Monique Leroux, ancienne pr\u00e9sidente et chef de la direction du Mouvement Desjardins, la campagne visait \u00e0 r\u00e9unir un [&hellip;]","protected":false},"author":2,"featured_media":3083,"parent":422,"menu_order":0,"comment_status":"closed","ping_status":"closed","template":"","meta":{"_acf_changed":false,"footnotes":""},"class_list":["post-2725","page","type-page","status-publish","has-post-thumbnail","hentry"],"acf":[],"yoast_head":"<!-- This site is optimized with the Yoast SEO plugin v26.5 - https:\/\/yoast.com\/wordpress\/plugins\/seo\/ -->\n<title>Campagne majeure de financement priv\u00e9 - Le Diamant<\/title>\n<meta name=\"description\" content=\"La campagne vise \u00e0 r\u00e9unir un groupe s\u00e9lect de grands b\u00e2tisseurs autour de ce projet des plus porteurs.\" \/>\n<meta name=\"robots\" content=\"index, follow, max-snippet:-1, max-image-preview:large, max-video-preview:-1\" \/>\n<link rel=\"canonical\" href=\"https:\/\/www.lediamant.ca\/fr\/soutenir-le-diamant\/campagne-majeure-de-financement-prive\" \/>\n<meta property=\"og:locale\" content=\"fr_FR\" \/>\n<meta property=\"og:type\" content=\"article\" \/>\n<meta property=\"og:title\" content=\"Campagne majeure de financement priv\u00e9 | Le Diamant\" \/>\n<meta property=\"og:description\" content=\"la campagne vise \u00e0 r\u00e9unir un groupe s\u00e9lect de grands b\u00e2tisseurs autour de ce projet des plus porteurs.\" \/>\n<meta property=\"og:url\" content=\"https:\/\/www.lediamant.ca\/fr\/soutenir-le-diamant\/campagne-majeure-de-financement-prive\" \/>\n<meta property=\"og:site_name\" content=\"Le Diamant\" \/>\n<meta property=\"article:publisher\" content=\"https:\/\/www.facebook.com\/lediamantqc\/\" \/>\n<meta property=\"article:modified_time\" content=\"2025-03-18T16:45:43+00:00\" \/>\n<meta property=\"og:image\" content=\"https:\/\/www.lediamant.ca\/wp-content\/uploads\/2023\/05\/Le-Diamant-opengraph.jpeg\" \/>\n\t<meta property=\"og:image:width\" content=\"1200\" \/>\n\t<meta property=\"og:image:height\" content=\"630\" \/>\n\t<meta property=\"og:image:type\" content=\"image\/jpeg\" \/>\n<meta name=\"twitter:card\" content=\"summary_large_image\" \/>\n<meta name=\"twitter:site\" content=\"@lediamant_qc\" \/>\n<meta name=\"twitter:label1\" content=\"Dur\u00e9e de lecture estim\u00e9e\" \/>\n\t<meta name=\"twitter:data1\" content=\"8 minutes\" \/>\n<script type=\"application\/ld+json\" class=\"yoast-schema-graph\">{\"@context\":\"https:\/\/schema.org\",\"@graph\":[{\"@type\":\"WebPage\",\"@id\":\"https:\/\/www.lediamant.ca\/fr\/soutenir-le-diamant\/campagne-majeure-de-financement-prive\",\"url\":\"https:\/\/www.lediamant.ca\/fr\/soutenir-le-diamant\/campagne-majeure-de-financement-prive\",\"name\":\"Campagne majeure de financement priv\u00e9 - Le Diamant\",\"isPartOf\":{\"@id\":\"https:\/\/www.lediamant.ca\/fr\/#website\"},\"primaryImageOfPage\":{\"@id\":\"https:\/\/www.lediamant.ca\/fr\/soutenir-le-diamant\/campagne-majeure-de-financement-prive#primaryimage\"},\"image\":{\"@id\":\"https:\/\/www.lediamant.ca\/fr\/soutenir-le-diamant\/campagne-majeure-de-financement-prive#primaryimage\"},\"thumbnailUrl\":\"https:\/\/www.lediamant.ca\/wp-content\/uploads\/2023\/05\/campagnemajeurfinancement-bandeau-02-scaled.jpg\",\"datePublished\":\"2023-05-10T02:09:29+00:00\",\"dateModified\":\"2025-03-18T16:45:43+00:00\",\"description\":\"La campagne vise \u00e0 r\u00e9unir un groupe s\u00e9lect de grands b\u00e2tisseurs autour de ce projet des plus porteurs.\",\"breadcrumb\":{\"@id\":\"https:\/\/www.lediamant.ca\/fr\/soutenir-le-diamant\/campagne-majeure-de-financement-prive#breadcrumb\"},\"inLanguage\":\"fr-FR\",\"potentialAction\":[{\"@type\":\"ReadAction\",\"target\":[\"https:\/\/www.lediamant.ca\/fr\/soutenir-le-diamant\/campagne-majeure-de-financement-prive\"]}]},{\"@type\":\"ImageObject\",\"inLanguage\":\"fr-FR\",\"@id\":\"https:\/\/www.lediamant.ca\/fr\/soutenir-le-diamant\/campagne-majeure-de-financement-prive#primaryimage\",\"url\":\"https:\/\/www.lediamant.ca\/wp-content\/uploads\/2023\/05\/campagnemajeurfinancement-bandeau-02-scaled.jpg\",\"contentUrl\":\"https:\/\/www.lediamant.ca\/wp-content\/uploads\/2023\/05\/campagnemajeurfinancement-bandeau-02-scaled.jpg\",\"width\":2560,\"height\":914},{\"@type\":\"BreadcrumbList\",\"@id\":\"https:\/\/www.lediamant.ca\/fr\/soutenir-le-diamant\/campagne-majeure-de-financement-prive#breadcrumb\",\"itemListElement\":[{\"@type\":\"ListItem\",\"position\":1,\"name\":\"Accueil\",\"item\":\"https:\/\/www.lediamant.ca\/fr\"},{\"@type\":\"ListItem\",\"position\":2,\"name\":\"Soutenir Le Diamant\",\"item\":\"https:\/\/www.lediamant.ca\/fr\/soutenir-le-diamant\"},{\"@type\":\"ListItem\",\"position\":3,\"name\":\"Campagne majeure de financement priv\u00e9\"}]},{\"@type\":\"WebSite\",\"@id\":\"https:\/\/www.lediamant.ca\/fr\/#website\",\"url\":\"https:\/\/www.lediamant.ca\/fr\/\",\"name\":\"Le Diamant\",\"description\":\"Salle de spectacle situ\u00e9e \u00e0 place D&#039;Youville, Qu\u00e9bec (Canada). D\u00e9couvrez notre programmation.\",\"publisher\":{\"@id\":\"https:\/\/www.lediamant.ca\/fr\/#organization\"},\"potentialAction\":[{\"@type\":\"SearchAction\",\"target\":{\"@type\":\"EntryPoint\",\"urlTemplate\":\"https:\/\/www.lediamant.ca\/fr\/?s={search_term_string}\"},\"query-input\":{\"@type\":\"PropertyValueSpecification\",\"valueRequired\":true,\"valueName\":\"search_term_string\"}}],\"inLanguage\":\"fr-FR\"},{\"@type\":\"Organization\",\"@id\":\"https:\/\/www.lediamant.ca\/fr\/#organization\",\"name\":\"Le Diamant\",\"url\":\"https:\/\/www.lediamant.ca\/fr\/\",\"logo\":{\"@type\":\"ImageObject\",\"inLanguage\":\"fr-FR\",\"@id\":\"https:\/\/www.lediamant.ca\/fr\/#\/schema\/logo\/image\/\",\"url\":\"https:\/\/www.lediamant.ca\/wp-content\/uploads\/2023\/05\/le-diamant-logo.png\",\"contentUrl\":\"https:\/\/www.lediamant.ca\/wp-content\/uploads\/2023\/05\/le-diamant-logo.png\",\"width\":1000,\"height\":750,\"caption\":\"Le Diamant\"},\"image\":{\"@id\":\"https:\/\/www.lediamant.ca\/fr\/#\/schema\/logo\/image\/\"},\"sameAs\":[\"https:\/\/www.facebook.com\/lediamantqc\/\",\"https:\/\/x.com\/lediamant_qc\"]}]}<\/script>\n<!-- \/ Yoast SEO plugin. -->","yoast_head_json":{"title":"Campagne majeure de financement priv\u00e9 - Le Diamant","description":"La campagne vise \u00e0 r\u00e9unir un groupe s\u00e9lect de grands b\u00e2tisseurs autour de ce projet des plus porteurs.","robots":{"index":"index","follow":"follow","max-snippet":"max-snippet:-1","max-image-preview":"max-image-preview:large","max-video-preview":"max-video-preview:-1"},"canonical":"https:\/\/www.lediamant.ca\/fr\/soutenir-le-diamant\/campagne-majeure-de-financement-prive","og_locale":"fr_FR","og_type":"article","og_title":"Campagne majeure de financement priv\u00e9 | Le Diamant","og_description":"la campagne vise \u00e0 r\u00e9unir un groupe s\u00e9lect de grands b\u00e2tisseurs autour de ce projet des plus porteurs.","og_url":"https:\/\/www.lediamant.ca\/fr\/soutenir-le-diamant\/campagne-majeure-de-financement-prive","og_site_name":"Le Diamant","article_publisher":"https:\/\/www.facebook.com\/lediamantqc\/","article_modified_time":"2025-03-18T16:45:43+00:00","og_image":[{"width":1200,"height":630,"url":"https:\/\/www.lediamant.ca\/wp-content\/uploads\/2023\/05\/Le-Diamant-opengraph.jpeg","type":"image\/jpeg"}],"twitter_card":"summary_large_image","twitter_site":"@lediamant_qc","twitter_misc":{"Dur\u00e9e de lecture estim\u00e9e":"8 minutes"},"schema":{"@context":"https:\/\/schema.org","@graph":[{"@type":"WebPage","@id":"https:\/\/www.lediamant.ca\/fr\/soutenir-le-diamant\/campagne-majeure-de-financement-prive","url":"https:\/\/www.lediamant.ca\/fr\/soutenir-le-diamant\/campagne-majeure-de-financement-prive","name":"Campagne majeure de financement priv\u00e9 - Le Diamant","isPartOf":{"@id":"https:\/\/www.lediamant.ca\/fr\/#website"},"primaryImageOfPage":{"@id":"https:\/\/www.lediamant.ca\/fr\/soutenir-le-diamant\/campagne-majeure-de-financement-prive#primaryimage"},"image":{"@id":"https:\/\/www.lediamant.ca\/fr\/soutenir-le-diamant\/campagne-majeure-de-financement-prive#primaryimage"},"thumbnailUrl":"https:\/\/www.lediamant.ca\/wp-content\/uploads\/2023\/05\/campagnemajeurfinancement-bandeau-02-scaled.jpg","datePublished":"2023-05-10T02:09:29+00:00","dateModified":"2025-03-18T16:45:43+00:00","description":"La campagne vise \u00e0 r\u00e9unir un groupe s\u00e9lect de grands b\u00e2tisseurs autour de ce projet des plus porteurs.","breadcrumb":{"@id":"https:\/\/www.lediamant.ca\/fr\/soutenir-le-diamant\/campagne-majeure-de-financement-prive#breadcrumb"},"inLanguage":"fr-FR","potentialAction":[{"@type":"ReadAction","target":["https:\/\/www.lediamant.ca\/fr\/soutenir-le-diamant\/campagne-majeure-de-financement-prive"]}]},{"@type":"ImageObject","inLanguage":"fr-FR","@id":"https:\/\/www.lediamant.ca\/fr\/soutenir-le-diamant\/campagne-majeure-de-financement-prive#primaryimage","url":"https:\/\/www.lediamant.ca\/wp-content\/uploads\/2023\/05\/campagnemajeurfinancement-bandeau-02-scaled.jpg","contentUrl":"https:\/\/www.lediamant.ca\/wp-content\/uploads\/2023\/05\/campagnemajeurfinancement-bandeau-02-scaled.jpg","width":2560,"height":914},{"@type":"BreadcrumbList","@id":"https:\/\/www.lediamant.ca\/fr\/soutenir-le-diamant\/campagne-majeure-de-financement-prive#breadcrumb","itemListElement":[{"@type":"ListItem","position":1,"name":"Accueil","item":"https:\/\/www.lediamant.ca\/fr"},{"@type":"ListItem","position":2,"name":"Soutenir Le Diamant","item":"https:\/\/www.lediamant.ca\/fr\/soutenir-le-diamant"},{"@type":"ListItem","position":3,"name":"Campagne majeure de financement priv\u00e9"}]},{"@type":"WebSite","@id":"https:\/\/www.lediamant.ca\/fr\/#website","url":"https:\/\/www.lediamant.ca\/fr\/","name":"Le Diamant","description":"Salle de spectacle situ\u00e9e \u00e0 place D&#039;Youville, Qu\u00e9bec (Canada). D\u00e9couvrez notre programmation.","publisher":{"@id":"https:\/\/www.lediamant.ca\/fr\/#organization"},"potentialAction":[{"@type":"SearchAction","target":{"@type":"EntryPoint","urlTemplate":"https:\/\/www.lediamant.ca\/fr\/?s={search_term_string}"},"query-input":{"@type":"PropertyValueSpecification","valueRequired":true,"valueName":"search_term_string"}}],"inLanguage":"fr-FR"},{"@type":"Organization","@id":"https:\/\/www.lediamant.ca\/fr\/#organization","name":"Le Diamant","url":"https:\/\/www.lediamant.ca\/fr\/","logo":{"@type":"ImageObject","inLanguage":"fr-FR","@id":"https:\/\/www.lediamant.ca\/fr\/#\/schema\/logo\/image\/","url":"https:\/\/www.lediamant.ca\/wp-content\/uploads\/2023\/05\/le-diamant-logo.png","contentUrl":"https:\/\/www.lediamant.ca\/wp-content\/uploads\/2023\/05\/le-diamant-logo.png","width":1000,"height":750,"caption":"Le Diamant"},"image":{"@id":"https:\/\/www.lediamant.ca\/fr\/#\/schema\/logo\/image\/"},"sameAs":["https:\/\/www.facebook.com\/lediamantqc\/","https:\/\/x.com\/lediamant_qc"]}]}},"_links":{"self":[{"href":"https:\/\/www.lediamant.ca\/fr\/wp-json\/wp\/v2\/pages\/2725","targetHints":{"allow":["GET"]}}],"collection":[{"href":"https:\/\/www.lediamant.ca\/fr\/wp-json\/wp\/v2\/pages"}],"about":[{"href":"https:\/\/www.lediamant.ca\/fr\/wp-json\/wp\/v2\/types\/page"}],"author":[{"embeddable":true,"href":"https:\/\/www.lediamant.ca\/fr\/wp-json\/wp\/v2\/users\/2"}],"replies":[{"embeddable":true,"href":"https:\/\/www.lediamant.ca\/fr\/wp-json\/wp\/v2\/comments?post=2725"}],"version-history":[{"count":62,"href":"https:\/\/www.lediamant.ca\/fr\/wp-json\/wp\/v2\/pages\/2725\/revisions"}],"predecessor-version":[{"id":16529,"href":"https:\/\/www.lediamant.ca\/fr\/wp-json\/wp\/v2\/pages\/2725\/revisions\/16529"}],"up":[{"embeddable":true,"href":"https:\/\/www.lediamant.ca\/fr\/wp-json\/wp\/v2\/pages\/422"}],"wp:featuredmedia":[{"embeddable":true,"href":"https:\/\/www.lediamant.ca\/fr\/wp-json\/wp\/v2\/media\/3083"}],"wp:attachment":[{"href":"https:\/\/www.lediamant.ca\/fr\/wp-json\/wp\/v2\/media?parent=2725"}],"curies":[{"name":"wp","href":"https:\/\/api.w.org\/{rel}","templated":true}]}}