{"id":1395,"date":"2023-04-27T18:46:43","date_gmt":"2023-04-27T18:46:43","guid":{"rendered":"https:\/\/www.lediamant.ca\/?page_id=1395"},"modified":"2026-02-04T15:09:02","modified_gmt":"2026-02-04T19:09:02","slug":"mission","status":"publish","type":"page","link":"https:\/\/www.lediamant.ca\/fr\/mission","title":{"rendered":"La mission"},"content":{"rendered":"<div class=\"item component-media-text\">\n<div class=\"wp-block-media-text alignwide is-stacked-on-mobile\" style=\"grid-template-columns:30% auto\"><figure class=\"wp-block-media-text__media\"><img decoding=\"async\" width=\"850\" height=\"850\" src=\"https:\/\/www.lediamant.ca\/wp-content\/uploads\/2023\/04\/equipe-robert-lepage.jpg\" alt=\"Robert Lepage\" class=\"wp-image-1332 size-full\"\/ loading=\"lazy\" srcset=\"https:\/\/www.lediamant.ca\/wp-content\/uploads\/2023\/04\/equipe-robert-lepage.jpg 850w, https:\/\/www.lediamant.ca\/wp-content\/uploads\/2023\/04\/equipe-robert-lepage-700x700.jpg 700w, https:\/\/www.lediamant.ca\/wp-content\/uploads\/2023\/04\/equipe-robert-lepage-768x768.jpg 768w, https:\/\/www.lediamant.ca\/wp-content\/uploads\/2023\/04\/equipe-robert-lepage-400x400.jpg 400w\" sizes=\"auto, (max-width: 850px) 100vw, 850px\" \/><\/figure><div class=\"wp-block-media-text__content\"><div class=\"item wysiwyg component-quote\" >\n<blockquote class=\"wp-block-quote is-layout-flow wp-block-quote-is-layout-flow\"><div class=\"item wysiwyg component-paragraph\" >\n<p>\u00ab\u2009La ville de Qu\u00e9bec m\u2019a vu na\u00eetre, mais le monde m\u2019a fait grandir. Je parcours la plan\u00e8te depuis maintenant 45 ans. Il m\u2019est apparu n\u00e9cessaire de poser mes valises et de cr\u00e9er Le Diamant en 2019, un lieu de rencontre unique o\u00f9 convergeraient toutes les formes d\u2019arts afin de faire rayonner la culture et l\u2019innovation d\u2019ici et d\u2019ailleurs.&nbsp;\u2009\u00bb<\/p>\n<\/div><cite>Robert Lepage, cofondateur et directeur artistique du Diamant<\/cite><\/blockquote>\n<\/div><\/div><\/div>\n<\/div>\n\n<div class=\"item component-spacer\" ><div class=\"container\">\n<div style=\"height:100px\" aria-hidden=\"true\" class=\"wp-block-spacer\"><\/div>\n<\/div><\/div>\n\n<div class=\"item wysiwyg component-heading\" >\n<h4 class=\"wp-block-heading\">\u00c0 PROPOS<\/h4>\n<\/div>\n\n<div class=\"item wysiwyg component-paragraph\" >\n<p>Le Diamant a \u00e9t\u00e9 inaugur\u00e9 le 30 ao\u00fbt 2019 apr\u00e8s 15 ans d\u2019effort et pr\u00e8s de trois ans de chantier. Le projet a \u00e9t\u00e9 port\u00e9 par Robert Lepage et Lynda Beaulieu, cofondateurs, puis par de pr\u00e9cieux partenaires publics et priv\u00e9s. D&rsquo;ailleurs, la campagne majeure de financement priv\u00e9 du Diamant a atteint son objectif de 10 millions de dollars le <a href=\"https:\/\/www.lediamant.ca\/fr\/lobjectif-de-10-millions-est-atteint\">25 janvier 2024<\/a>. Organisme \u00e0 but non lucratif, Le Diamant est dirig\u00e9 par un conseil d\u2019administration compos\u00e9 de 12 intervenants sociaux \u00e9conomiques provenant de diff\u00e9rents horizons et compte une vingtaine d\u2019employ\u00e9-e-s permanent-e-s.<\/p>\n<\/div>\n\n<div class=\"item wysiwyg component-images-slider\" >    <div class=\"js-images-slider images-slider images-slider--landscape\">\n\n        <nav data-slider-nav class=\"images-slider__navigation\" data-aria-label=\"Navigation du carrousel\">\n                            <button type=\"button\" aria-label=\"Pr\u00e9c\u00e9dent\" class=\"images-slider__button images-slider__button--prev\">\n                    <svg aria-hidden=\"true\" focusable=\"false\" width=\"20px\" height=\"19px\">\n                        <use xlink:href=\"#ico-arrow-right\"><\/use>\n                    <\/svg>\n                <\/button>\n                <button type=\"button\" aria-label=\"Suivant\" class=\"images-slider__button images-slider__button--next\">\n                    <svg aria-hidden=\"true\" focusable=\"false\" width=\"20px\" height=\"19px\">\n                        <use xlink:href=\"#ico-arrow-right\"><\/use>\n                    <\/svg>\n                <\/button>\n                    <\/nav>\n        <div class=\"images-slider__wrapper\" data-slider-items role=\"list\">\n                                            <div class=\"images-slider__item\">\n                    <img decoding=\"async\" src=\"https:\/\/www.lediamant.ca\/wp-content\/uploads\/2023\/06\/mission-festif.jpg\" data-src=\"https:\/\/www.lediamant.ca\/wp-content\/uploads\/2023\/06\/mission-festif.jpg\" alt=\"\" class=\"images-slider__img tns-lazy-img\" loading=\"lazy\">\n                                            <span class=\"images-slider__copyright\">Photo \u2014 Les Festifs<\/span>\n                                    <\/div>\n                    <\/div>\n    <\/div>\n<\/div>\n\n<div class=\"item component-columns\">\n<div class=\"wp-block-columns is-layout-flex wp-container-core-columns-is-layout-9d6595d7 wp-block-columns-is-layout-flex\">\n<div class=\"wp-block-column is-layout-flow wp-block-column-is-layout-flow\"><div class=\"item wysiwyg component-icon-text\" >\n\n<div class=\"bloc-text-icon\">\n            <img decoding=\"async\" src=\"\" alt=\"\" loading=\"lazy\">\n        <strong class=\"bloc-text-icon__title h4\">La mission<\/strong>\n\n            <p>Inspir\u00e9 par l\u2019artiste de renomm\u00e9e internationale Robert Lepage, Le Diamant est un diffuseur et le lieu de cr\u00e9ation de la compagnie Ex Machina. Situ\u00e9 au c\u0153ur de la ville de Qu\u00e9bec, cet espace au concept architectural unique invite les publics \u00e0 d\u00e9couvrir la th\u00e9\u00e2tralit\u00e9 sous toutes ses formes dans un environnement accessible et accueillant.<\/p>\n    \n    <\/div><\/div><\/div>\n\n\n\n<div class=\"wp-block-column is-layout-flow wp-block-column-is-layout-flow\"><div class=\"item wysiwyg component-icon-text\" >\n\n<div class=\"bloc-text-icon\">\n            <img decoding=\"async\" src=\"\" alt=\"\" loading=\"lazy\">\n        <strong class=\"bloc-text-icon__title h4\">La vision<\/strong>\n\n            <p>Transformer l&rsquo;exp\u00e9rience des arts vivants et devenir un lieu iconique et rassembleur, un p\u00f4le d\u2019attraction international \u00e0 l&rsquo;avant-garde.<\/p>\n    \n    <\/div><\/div><\/div>\n\n\n\n<div class=\"wp-block-column is-layout-flow wp-block-column-is-layout-flow\"><div class=\"item wysiwyg component-icon-text\" >\n\n<div class=\"bloc-text-icon\">\n            <img decoding=\"async\" src=\"\" alt=\"\" loading=\"lazy\">\n        <strong class=\"bloc-text-icon__title h4\">Les valeurs<\/strong>\n\n            <ul>\n<li>Cr\u00e9ativit\u00e9<\/li>\n<li>Audace<\/li>\n<li>Accessibilit\u00e9<\/li>\n<li>Inclusion<\/li>\n<li>Esprit d\u2019\u00e9quipe<\/li>\n<\/ul>\n    \n    <\/div><\/div><\/div>\n<\/div>\n<\/div>\n\n\n<div class=\"wp-block-group has-light-gray-color has-dark-gray-background-color has-text-color has-background\"><div class=\"wp-block-group__inner-container is-layout-constrained wp-block-group-is-layout-constrained\"><div class=\"item wysiwyg component-heading\" >\n<h3 class=\"wp-block-heading has-light-gray-color has-text-color\">La vision artistique<\/h3>\n<\/div>\n\n<div class=\"item wysiwyg component-paragraph\" >\n<p class=\"has-light-gray-color has-text-color\">Le Diamant invite les publics \u00e0 fa\u00e7onner leur exp\u00e9rience des arts vivants en rencontrant des \u0153uvres audacieuses de la sc\u00e8ne locale, nationale et internationale. Plusieurs productions sont \u00e0 la crois\u00e9e des disciplines et ont un langage sc\u00e9nographique puissant. En accueillant de grands noms d\u2019ici et d\u2019ailleurs, et en donnant acc\u00e8s au public de Qu\u00e9bec \u00e0 des \u0153uvres de grande qualit\u00e9, la programmation du Diamant est teint\u00e9e par son \u00e9poque.<\/p>\n<\/div>\n\n<div class=\"item wysiwyg component-paragraph\" >\n<p class=\"has-light-gray-color has-text-color\">En privil\u00e9giant le th\u00e9\u00e2tre de cr\u00e9ation et le cirque contemporain, mais en explorant aussi les arts multidisciplinaires, l\u2019art lyrique et d\u2019autres formes populaires dont la lutte professionnelle, le Diamant d\u00e9ploie sa mission : faire d\u00e9couvrir la th\u00e9\u00e2tralit\u00e9 sous toutes ses formes. Les pratiques de la diversit\u00e9 culturelle et des artistes autochtones y sont \u00e9galement repr\u00e9sent\u00e9es, tout en ouvrant la sc\u00e8ne aux grandes r\u00e9flexions qui traversent notre temps.<\/p>\n<\/div>\n\n<div class=\"item wysiwyg component-paragraph\" >\n<p>Derri\u00e8re cette vision artistique et cette ouverture aux disciplines se trouve Viviane Paradis, directrice de la programmation du Diamant. <a style=\"color:white;\" href=\"https:\/\/www.lediamant.ca\/fr\/portrait-de-viviane-paradis\">D\u00e9couvrez son parcours et sa d\u00e9marche<\/a>.<\/p>\n<\/div><\/div><\/div>\n","protected":false},"excerpt":{"rendered":"\u00c0 PROPOS Le Diamant a \u00e9t\u00e9 inaugur\u00e9 le 30 ao\u00fbt 2019 apr\u00e8s 15 ans d\u2019effort et pr\u00e8s de trois ans de chantier. Le projet a \u00e9t\u00e9 port\u00e9 par Robert Lepage et Lynda Beaulieu, cofondateurs, puis par de pr\u00e9cieux partenaires publics et priv\u00e9s. D&rsquo;ailleurs, la campagne majeure de financement priv\u00e9 du Diamant a atteint son objectif [&hellip;]","protected":false},"author":2,"featured_media":1965,"parent":0,"menu_order":0,"comment_status":"closed","ping_status":"closed","template":"","meta":{"_acf_changed":false,"footnotes":""},"class_list":["post-1395","page","type-page","status-publish","has-post-thumbnail","hentry"],"acf":[],"yoast_head":"<!-- This site is optimized with the Yoast SEO plugin v26.5 - https:\/\/yoast.com\/wordpress\/plugins\/seo\/ -->\n<title>La mission - Le Diamant<\/title>\n<meta name=\"description\" content=\"Le projet a \u00e9t\u00e9 port\u00e9 par Robert Lepage et Lynda Beaulieu, cofondateurs, puis par de pr\u00e9cieux partenaires publics et priv\u00e9s.\" \/>\n<meta name=\"robots\" content=\"index, follow, max-snippet:-1, max-image-preview:large, max-video-preview:-1\" \/>\n<link rel=\"canonical\" href=\"https:\/\/www.lediamant.ca\/fr\/mission\" \/>\n<meta property=\"og:locale\" content=\"fr_FR\" \/>\n<meta property=\"og:type\" content=\"article\" \/>\n<meta property=\"og:title\" content=\"La mission | Le Diamant\" \/>\n<meta property=\"og:description\" content=\"Le projet a \u00e9t\u00e9 port\u00e9 par Robert Lepage et Lynda Beaulieu, cofondateurs, puis par de pr\u00e9cieux partenaires publics et priv\u00e9s.\" \/>\n<meta property=\"og:url\" content=\"https:\/\/www.lediamant.ca\/fr\/mission\" \/>\n<meta property=\"og:site_name\" content=\"Le Diamant\" \/>\n<meta property=\"article:publisher\" content=\"https:\/\/www.facebook.com\/lediamantqc\/\" \/>\n<meta property=\"article:modified_time\" content=\"2026-02-04T19:09:02+00:00\" \/>\n<meta property=\"og:image\" content=\"https:\/\/www.lediamant.ca\/wp-content\/uploads\/2023\/05\/Le-Diamant-opengraph.jpeg\" \/>\n\t<meta property=\"og:image:width\" content=\"1200\" \/>\n\t<meta property=\"og:image:height\" content=\"630\" \/>\n\t<meta property=\"og:image:type\" content=\"image\/jpeg\" \/>\n<meta name=\"twitter:card\" content=\"summary_large_image\" \/>\n<meta name=\"twitter:site\" content=\"@lediamant_qc\" \/>\n<meta name=\"twitter:label1\" content=\"Dur\u00e9e de lecture estim\u00e9e\" \/>\n\t<meta name=\"twitter:data1\" content=\"2 minutes\" \/>\n<script type=\"application\/ld+json\" class=\"yoast-schema-graph\">{\"@context\":\"https:\/\/schema.org\",\"@graph\":[{\"@type\":[\"WebPage\",\"AboutPage\"],\"@id\":\"https:\/\/www.lediamant.ca\/fr\/mission\",\"url\":\"https:\/\/www.lediamant.ca\/fr\/mission\",\"name\":\"La mission - Le Diamant\",\"isPartOf\":{\"@id\":\"https:\/\/www.lediamant.ca\/fr\/#website\"},\"primaryImageOfPage\":{\"@id\":\"https:\/\/www.lediamant.ca\/fr\/mission#primaryimage\"},\"image\":{\"@id\":\"https:\/\/www.lediamant.ca\/fr\/mission#primaryimage\"},\"thumbnailUrl\":\"https:\/\/www.lediamant.ca\/wp-content\/uploads\/2023\/05\/Batiment-2-StephaneGroleau-Banniere-scaled.jpg\",\"datePublished\":\"2023-04-27T18:46:43+00:00\",\"dateModified\":\"2026-02-04T19:09:02+00:00\",\"description\":\"Le projet a \u00e9t\u00e9 port\u00e9 par Robert Lepage et Lynda Beaulieu, cofondateurs, puis par de pr\u00e9cieux partenaires publics et priv\u00e9s.\",\"breadcrumb\":{\"@id\":\"https:\/\/www.lediamant.ca\/fr\/mission#breadcrumb\"},\"inLanguage\":\"fr-FR\",\"potentialAction\":[{\"@type\":\"ReadAction\",\"target\":[\"https:\/\/www.lediamant.ca\/fr\/mission\"]}]},{\"@type\":\"ImageObject\",\"inLanguage\":\"fr-FR\",\"@id\":\"https:\/\/www.lediamant.ca\/fr\/mission#primaryimage\",\"url\":\"https:\/\/www.lediamant.ca\/wp-content\/uploads\/2023\/05\/Batiment-2-StephaneGroleau-Banniere-scaled.jpg\",\"contentUrl\":\"https:\/\/www.lediamant.ca\/wp-content\/uploads\/2023\/05\/Batiment-2-StephaneGroleau-Banniere-scaled.jpg\",\"width\":2560,\"height\":989,\"caption\":\"Photo \u2014 St\u00e9phane Groleau\"},{\"@type\":\"BreadcrumbList\",\"@id\":\"https:\/\/www.lediamant.ca\/fr\/mission#breadcrumb\",\"itemListElement\":[{\"@type\":\"ListItem\",\"position\":1,\"name\":\"Accueil\",\"item\":\"https:\/\/www.lediamant.ca\/fr\"},{\"@type\":\"ListItem\",\"position\":2,\"name\":\"La mission\"}]},{\"@type\":\"WebSite\",\"@id\":\"https:\/\/www.lediamant.ca\/fr\/#website\",\"url\":\"https:\/\/www.lediamant.ca\/fr\/\",\"name\":\"Le Diamant\",\"description\":\"Salle de spectacle situ\u00e9e \u00e0 place D&#039;Youville, Qu\u00e9bec (Canada). D\u00e9couvrez notre programmation.\",\"publisher\":{\"@id\":\"https:\/\/www.lediamant.ca\/fr\/#organization\"},\"potentialAction\":[{\"@type\":\"SearchAction\",\"target\":{\"@type\":\"EntryPoint\",\"urlTemplate\":\"https:\/\/www.lediamant.ca\/fr\/?s={search_term_string}\"},\"query-input\":{\"@type\":\"PropertyValueSpecification\",\"valueRequired\":true,\"valueName\":\"search_term_string\"}}],\"inLanguage\":\"fr-FR\"},{\"@type\":\"Organization\",\"@id\":\"https:\/\/www.lediamant.ca\/fr\/#organization\",\"name\":\"Le Diamant\",\"url\":\"https:\/\/www.lediamant.ca\/fr\/\",\"logo\":{\"@type\":\"ImageObject\",\"inLanguage\":\"fr-FR\",\"@id\":\"https:\/\/www.lediamant.ca\/fr\/#\/schema\/logo\/image\/\",\"url\":\"https:\/\/www.lediamant.ca\/wp-content\/uploads\/2023\/05\/le-diamant-logo.png\",\"contentUrl\":\"https:\/\/www.lediamant.ca\/wp-content\/uploads\/2023\/05\/le-diamant-logo.png\",\"width\":1000,\"height\":750,\"caption\":\"Le Diamant\"},\"image\":{\"@id\":\"https:\/\/www.lediamant.ca\/fr\/#\/schema\/logo\/image\/\"},\"sameAs\":[\"https:\/\/www.facebook.com\/lediamantqc\/\",\"https:\/\/x.com\/lediamant_qc\"]}]}<\/script>\n<!-- \/ Yoast SEO plugin. -->","yoast_head_json":{"title":"La mission - Le Diamant","description":"Le projet a \u00e9t\u00e9 port\u00e9 par Robert Lepage et Lynda Beaulieu, cofondateurs, puis par de pr\u00e9cieux partenaires publics et priv\u00e9s.","robots":{"index":"index","follow":"follow","max-snippet":"max-snippet:-1","max-image-preview":"max-image-preview:large","max-video-preview":"max-video-preview:-1"},"canonical":"https:\/\/www.lediamant.ca\/fr\/mission","og_locale":"fr_FR","og_type":"article","og_title":"La mission | Le Diamant","og_description":"Le projet a \u00e9t\u00e9 port\u00e9 par Robert Lepage et Lynda Beaulieu, cofondateurs, puis par de pr\u00e9cieux partenaires publics et priv\u00e9s.","og_url":"https:\/\/www.lediamant.ca\/fr\/mission","og_site_name":"Le Diamant","article_publisher":"https:\/\/www.facebook.com\/lediamantqc\/","article_modified_time":"2026-02-04T19:09:02+00:00","og_image":[{"width":1200,"height":630,"url":"https:\/\/www.lediamant.ca\/wp-content\/uploads\/2023\/05\/Le-Diamant-opengraph.jpeg","type":"image\/jpeg"}],"twitter_card":"summary_large_image","twitter_site":"@lediamant_qc","twitter_misc":{"Dur\u00e9e de lecture estim\u00e9e":"2 minutes"},"schema":{"@context":"https:\/\/schema.org","@graph":[{"@type":["WebPage","AboutPage"],"@id":"https:\/\/www.lediamant.ca\/fr\/mission","url":"https:\/\/www.lediamant.ca\/fr\/mission","name":"La mission - Le Diamant","isPartOf":{"@id":"https:\/\/www.lediamant.ca\/fr\/#website"},"primaryImageOfPage":{"@id":"https:\/\/www.lediamant.ca\/fr\/mission#primaryimage"},"image":{"@id":"https:\/\/www.lediamant.ca\/fr\/mission#primaryimage"},"thumbnailUrl":"https:\/\/www.lediamant.ca\/wp-content\/uploads\/2023\/05\/Batiment-2-StephaneGroleau-Banniere-scaled.jpg","datePublished":"2023-04-27T18:46:43+00:00","dateModified":"2026-02-04T19:09:02+00:00","description":"Le projet a \u00e9t\u00e9 port\u00e9 par Robert Lepage et Lynda Beaulieu, cofondateurs, puis par de pr\u00e9cieux partenaires publics et priv\u00e9s.","breadcrumb":{"@id":"https:\/\/www.lediamant.ca\/fr\/mission#breadcrumb"},"inLanguage":"fr-FR","potentialAction":[{"@type":"ReadAction","target":["https:\/\/www.lediamant.ca\/fr\/mission"]}]},{"@type":"ImageObject","inLanguage":"fr-FR","@id":"https:\/\/www.lediamant.ca\/fr\/mission#primaryimage","url":"https:\/\/www.lediamant.ca\/wp-content\/uploads\/2023\/05\/Batiment-2-StephaneGroleau-Banniere-scaled.jpg","contentUrl":"https:\/\/www.lediamant.ca\/wp-content\/uploads\/2023\/05\/Batiment-2-StephaneGroleau-Banniere-scaled.jpg","width":2560,"height":989,"caption":"Photo \u2014 St\u00e9phane Groleau"},{"@type":"BreadcrumbList","@id":"https:\/\/www.lediamant.ca\/fr\/mission#breadcrumb","itemListElement":[{"@type":"ListItem","position":1,"name":"Accueil","item":"https:\/\/www.lediamant.ca\/fr"},{"@type":"ListItem","position":2,"name":"La mission"}]},{"@type":"WebSite","@id":"https:\/\/www.lediamant.ca\/fr\/#website","url":"https:\/\/www.lediamant.ca\/fr\/","name":"Le Diamant","description":"Salle de spectacle situ\u00e9e \u00e0 place D&#039;Youville, Qu\u00e9bec (Canada). D\u00e9couvrez notre programmation.","publisher":{"@id":"https:\/\/www.lediamant.ca\/fr\/#organization"},"potentialAction":[{"@type":"SearchAction","target":{"@type":"EntryPoint","urlTemplate":"https:\/\/www.lediamant.ca\/fr\/?s={search_term_string}"},"query-input":{"@type":"PropertyValueSpecification","valueRequired":true,"valueName":"search_term_string"}}],"inLanguage":"fr-FR"},{"@type":"Organization","@id":"https:\/\/www.lediamant.ca\/fr\/#organization","name":"Le Diamant","url":"https:\/\/www.lediamant.ca\/fr\/","logo":{"@type":"ImageObject","inLanguage":"fr-FR","@id":"https:\/\/www.lediamant.ca\/fr\/#\/schema\/logo\/image\/","url":"https:\/\/www.lediamant.ca\/wp-content\/uploads\/2023\/05\/le-diamant-logo.png","contentUrl":"https:\/\/www.lediamant.ca\/wp-content\/uploads\/2023\/05\/le-diamant-logo.png","width":1000,"height":750,"caption":"Le Diamant"},"image":{"@id":"https:\/\/www.lediamant.ca\/fr\/#\/schema\/logo\/image\/"},"sameAs":["https:\/\/www.facebook.com\/lediamantqc\/","https:\/\/x.com\/lediamant_qc"]}]}},"_links":{"self":[{"href":"https:\/\/www.lediamant.ca\/fr\/wp-json\/wp\/v2\/pages\/1395","targetHints":{"allow":["GET"]}}],"collection":[{"href":"https:\/\/www.lediamant.ca\/fr\/wp-json\/wp\/v2\/pages"}],"about":[{"href":"https:\/\/www.lediamant.ca\/fr\/wp-json\/wp\/v2\/types\/page"}],"author":[{"embeddable":true,"href":"https:\/\/www.lediamant.ca\/fr\/wp-json\/wp\/v2\/users\/2"}],"replies":[{"embeddable":true,"href":"https:\/\/www.lediamant.ca\/fr\/wp-json\/wp\/v2\/comments?post=1395"}],"version-history":[{"count":46,"href":"https:\/\/www.lediamant.ca\/fr\/wp-json\/wp\/v2\/pages\/1395\/revisions"}],"predecessor-version":[{"id":21281,"href":"https:\/\/www.lediamant.ca\/fr\/wp-json\/wp\/v2\/pages\/1395\/revisions\/21281"}],"wp:featuredmedia":[{"embeddable":true,"href":"https:\/\/www.lediamant.ca\/fr\/wp-json\/wp\/v2\/media\/1965"}],"wp:attachment":[{"href":"https:\/\/www.lediamant.ca\/fr\/wp-json\/wp\/v2\/media?parent=1395"}],"curies":[{"name":"wp","href":"https:\/\/api.w.org\/{rel}","templated":true}]}}