{"id":22046,"date":"2026-04-08T10:24:57","date_gmt":"2026-04-08T14:24:57","guid":{"rendered":"https:\/\/www.lediamant.ca\/?post_type=jobs&#038;p=22046"},"modified":"2026-04-13T09:54:36","modified_gmt":"2026-04-13T13:54:36","slug":"adjoint-e-de-production","status":"publish","type":"jobs","link":"https:\/\/www.lediamant.ca\/fr\/emplois-et-benevolat\/adjoint-e-de-production","title":{"rendered":"Adjoint-e de production"},"content":{"rendered":"<div class=\"item wysiwyg component-heading\" >\n<h2 class=\"wp-block-heading\">Offre d\u2019emploi<\/h2>\n<\/div>\n\n<div class=\"item wysiwyg component-paragraph\" >\n<p>Le Diamant, situ\u00e9 au c\u0153ur du Vieux-Qu\u00e9bec, est un th\u00e9\u00e2tre au concept architectural unique dont la mission est d\u2019inviter le public \u00e0 d\u00e9couvrir la th\u00e9\u00e2tralit\u00e9 sous toutes ses formes \u00e0 travers une programmation audacieuse de th\u00e9\u00e2tre, cirque et arts multidisciplinaires. Il pr\u00e9sente des \u0153uvres locales, nationales et internationales qui bousculent les codes du spectacle vivant, dans un environnement accessible et accueillant.<\/p>\n<\/div>\n\n<div class=\"item wysiwyg component-paragraph\" >\n<p>Dans ce contexte, Le Diamant est \u00e0 la recherche d\u2019une adjointe ou d\u2019un adjoint de production pour contribuer \u00e0 la coordination fluide et rigoureuse des op\u00e9rations de production, en assurant le soutien logistique, administratif et humain n\u00e9cessaire \u00e0 l\u2019accueil et \u00e0 la r\u00e9alisation des spectacles. Relevant de la direction de production et d\u2019exploitation, il ou elle joue un r\u00f4le important dans l\u2019\u00e9laboration de la pr\u00e9production des aspects logistiques et organisationnels n\u00e9cessaires \u00e0 la pr\u00e9sentation des spectacles des compagnies invit\u00e9es et des locations qui auront lieu au Diamant.<\/p>\n<\/div>\n\n<div class=\"item component-spacer\" ><div class=\"container\">\n<div style=\"height:25px\" aria-hidden=\"true\" class=\"wp-block-spacer\"><\/div>\n<\/div><\/div>\n\n<div class=\"item wysiwyg component-heading\" >\n<h4 class=\"wp-block-heading\">Responsabilit\u00e9s<\/h4>\n<\/div>\n\n<div class=\"item wysiwyg component-list\" >\n<ul class=\"wp-block-list\">\n<li>Assurer divers aspects de la pr\u00e9paration logistique et organisationnelle des spectacles\u2009; tels que les acc\u00e8s au Diamant et les besoins en loge\u2009;<\/li>\n\n\n\n<li>Pr\u00e9parer et mettre \u00e0 jour les documents de suivi de production (calendrier de l\u2019\u00e9quipe technique, horaire de montage, fiches informatives, horaires d\u2019entretien et de s\u00e9curit\u00e9, etc.)\u2009;<\/li>\n\n\n\n<li>Assurer la planification d\u2019horaires et le suivi aupr\u00e8s de professionnels embauch\u00e9s pour des besoins sp\u00e9cifiques reli\u00e9s aux productions invit\u00e9es (accessoiristes, perruquiers, habilleurs, chefs rempla\u00e7ants, techniciens, etc.)&nbsp;<\/li>\n\n\n\n<li>Entretenir de bonnes relations avec le personnel des compagnies invit\u00e9es\u2009;<\/li>\n\n\n\n<li>Effectuer diff\u00e9rents suivis reli\u00e9s \u00e0 l\u2019accueil des compagnies invit\u00e9es\u2009;<\/li>\n\n\n\n<li>Pr\u00e9parer et distribuer les cartes d\u2019acc\u00e8s pour les artistes invit\u00e9s et les techniciens int\u00e9rimaires et g\u00e9rer le code d\u2019acc\u00e8s\u2009;<\/li>\n\n\n\n<li>R\u00e9aliser les appels des techniciens requis pour les activit\u00e9s de diffusion du Diamant (activit\u00e9s de la programmation ou locations externes) aupr\u00e8s de l\u2019agence Intersc\u00e8ne\u2009;<\/li>\n\n\n\n<li>Communiquer les horaires de travail et les affectations au personnel technique requis\u2009;<\/li>\n\n\n\n<li>Compiler les feuilles de temps (Diamant et Intersc\u00e8ne) et r\u00e9viser le fichier d\u2019\u00e9valuation des frais variables techniques\u2009;<\/li>\n\n\n\n<li>Participer aux rencontres de production et rencontres d\u2019\u00e9quipe\u2009;<\/li>\n\n\n\n<li>Transmettre les demandes d\u2019utilisation du d\u00e9barcad\u00e8re dans les d\u00e9lais prescrits, et s\u2019assurer de la bonne cohabitation aupr\u00e8s des diff\u00e9rents utilisateurs\u2009;<\/li>\n\n\n\n<li>Effectuer certains suivis aupr\u00e8s de fournisseurs externes (nettoyage \u00e0 sec, accordeur de piano, bonbonnes de CO2, etc.)\u2009;<\/li>\n\n\n\n<li>Coordonner ou assurer la r\u00e9gie de certains \u00e9v\u00e9nements en collaboration avec les autres d\u00e9partements (accueil, activit\u00e9s corporatives, etc.)\u2009;<\/li>\n\n\n\n<li>Soutenir l\u2019\u00e9quipe de production et de l\u2019exploitation lors d\u2019impr\u00e9vus quotidiens.<\/li>\n<\/ul>\n<\/div>\n\n<div class=\"item component-spacer\" ><div class=\"container\">\n<div style=\"height:25px\" aria-hidden=\"true\" class=\"wp-block-spacer\"><\/div>\n<\/div><\/div>\n\n<div class=\"item wysiwyg component-heading\" >\n<h4 class=\"wp-block-heading\">Profil recherch\u00e9<\/h4>\n<\/div>\n\n<div class=\"item wysiwyg component-list\" >\n<ul class=\"wp-block-list\">\n<li>Dipl\u00f4me coll\u00e9gial (ou l\u2019\u00e9quivalent) en production th\u00e9\u00e2trale ou une exp\u00e9rience de travail \u00e9quivalente\u2009;<\/li>\n\n\n\n<li>Minimum de trois ann\u00e9es d\u2019exp\u00e9rience pertinente\u2009;<\/li>\n\n\n\n<li>Bonne connaissance des \u00e9quipements de th\u00e9\u00e2tre et de la logistique propre \u00e0 l\u2019accueil d\u2019une compagnie en diffusion\u2009;<\/li>\n\n\n\n<li>Capacit\u00e9 et aisance dans la lecture de plans (AutoCad)\u2009;<\/li>\n\n\n\n<li>Bonne connaissance de la suite Microsoft Office, et aisance dans l\u2019utilisation du logiciel Excel.<\/li>\n<\/ul>\n<\/div>\n\n<div class=\"item component-spacer\" ><div class=\"container\">\n<div style=\"height:25px\" aria-hidden=\"true\" class=\"wp-block-spacer\"><\/div>\n<\/div><\/div>\n\n<div class=\"item wysiwyg component-heading\" >\n<h4 class=\"wp-block-heading\">Connaissances et comp\u00e9tences (atouts)<\/h4>\n<\/div>\n\n<div class=\"item wysiwyg component-list\" >\n<ul class=\"wp-block-list\">\n<li>Autonomie et aptitudes en organisation du travail\u2009;<\/li>\n\n\n\n<li>Sens de l\u2019initiative\u2009;<\/li>\n\n\n\n<li>Polyvalence\u2009;<\/li>\n\n\n\n<li>Poss\u00e9der de bonnes habilet\u00e9s communicationnelles, \u00e9crites et verbales\u2009;<\/li>\n\n\n\n<li>Gestion des priorit\u00e9s et respect des \u00e9ch\u00e9anciers\u2009;<\/li>\n\n\n\n<li>Minutie et souci du d\u00e9tail\u2009;<\/li>\n\n\n\n<li>Capacit\u00e9 de travailler en \u00e9quipe et sous pression\u2009;<\/li>\n\n\n\n<li>Bonne ma\u00eetrise du fran\u00e7ais \u00e9crit et oral.<\/li>\n<\/ul>\n<\/div>\n\n<div class=\"item component-spacer\" ><div class=\"container\">\n<div style=\"height:25px\" aria-hidden=\"true\" class=\"wp-block-spacer\"><\/div>\n<\/div><\/div>\n\n<div class=\"item wysiwyg component-heading\" >\n<h4 class=\"wp-block-heading\">Conditions<\/h4>\n<\/div>\n\n<div class=\"item wysiwyg component-list\" >\n<ul class=\"wp-block-list\">\n<li>Salaire\u2009: selon l\u2019exp\u00e9rience.<\/li>\n\n\n\n<li>Type de poste\u2009: temps plein.<\/li>\n\n\n\n<li>Horaire\u2009: 28&nbsp;heures par semaine, principalement de jour.<\/li>\n\n\n\n<li>Entr\u00e9e en fonction\u2009: \u00e0 partir de la mi-juin.<\/li>\n<\/ul>\n<\/div>\n\n<div class=\"item component-spacer\" ><div class=\"container\">\n<div style=\"height:25px\" aria-hidden=\"true\" class=\"wp-block-spacer\"><\/div>\n<\/div><\/div>\n\n<div class=\"item wysiwyg component-heading\" >\n<h4 class=\"wp-block-heading\">Avantages<\/h4>\n<\/div>\n\n<div class=\"item wysiwyg component-list\" >\n<ul class=\"wp-block-list\">\n<li>Assurance collective\u2009;<\/li>\n\n\n\n<li>Une paire de billets gratuits pour chaque spectacle de la programmation principale du Diamant\u2009;<\/li>\n\n\n\n<li>Contribution de l\u2019employeur \u00e0 L\u2019abonne BUS Travailleur du RTC et au service \u00e0V\u00e9lo si d\u00e9sir\u00e9.<\/li>\n<\/ul>\n<\/div>\n\n<div class=\"item component-spacer\" ><div class=\"container\">\n<div style=\"height:25px\" aria-hidden=\"true\" class=\"wp-block-spacer\"><\/div>\n<\/div><\/div>\n\n<div class=\"item wysiwyg component-heading\" >\n<h4 class=\"wp-block-heading\">Mise en candidature<\/h4>\n<\/div>\n\n<div class=\"item wysiwyg component-paragraph\" >\n<p>Jusqu\u2019au 10&nbsp;mai 2026.<br>Envoyer votre curriculum vitae et une lettre de pr\u00e9sentation \u00e0 <strong><a href=\"mailto:ressourceshumaines@lediamant.ca\">ressourceshumaines@lediamant.ca<\/a><\/strong>.<\/p>\n<\/div>\n\n<div class=\"item wysiwyg component-paragraph\" >\n<p>Notez que seules les candidatures retenues pour une entrevue seront contact\u00e9es.<\/p>\n<\/div>\n\n<div class=\"item wysiwyg component-paragraph\" >\n<p>Au plaisir de vous rencontrer\u2009!<\/p>\n<\/div>\n\n<div class=\"item component-spacer\" ><div class=\"container\">\n<div style=\"height:50px\" aria-hidden=\"true\" class=\"wp-block-spacer\"><\/div>\n<\/div><\/div>","protected":false},"excerpt":{"rendered":"Le Diamant est \u00e0 la recherche d\u2019une adjointe ou d\u2019un adjoint de production pour contribuer \u00e0 la coordination fluide et rigoureuse des op\u00e9rations de production, en assurant le soutien logistique, administratif et humain n\u00e9cessaire \u00e0 l\u2019accueil et \u00e0 la r\u00e9alisation des spectacles. Relevant de la direction de production et d\u2019exploitation, il ou elle joue un r\u00f4le important dans l\u2019\u00e9laboration de la pr\u00e9production des aspects logistiques et organisationnels n\u00e9cessaires \u00e0 la pr\u00e9sentation des spectacles des compagnies invit\u00e9es et des locations qui auront lieu au Diamant.","protected":false},"menu_order":0,"template":"","class_list":["post-22046","jobs","type-jobs","status-publish","hentry"],"acf":[],"yoast_head":"<!-- This site is optimized with the Yoast SEO plugin v26.5 - https:\/\/yoast.com\/wordpress\/plugins\/seo\/ -->\n<title>Offre d\u2019emploi - Adjoint-e de production - Le Diamant<\/title>\n<meta name=\"description\" content=\"Le Diamant est \u00e0 la recherche d\u2019une adjointe ou d\u2019un adjoint de production pour contribuer \u00e0 la coordination fluide et rigoureuse des op\u00e9rations de production, en assurant le soutien logistique, administratif et humain n\u00e9cessaire \u00e0 l\u2019accueil et \u00e0 la r\u00e9alisation des spectacles.\" \/>\n<meta name=\"robots\" content=\"index, follow, max-snippet:-1, max-image-preview:large, max-video-preview:-1\" \/>\n<link rel=\"canonical\" href=\"https:\/\/www.lediamant.ca\/fr\/emplois-et-benevolat\/adjoint-e-de-production\" \/>\n<meta property=\"og:locale\" content=\"fr_FR\" \/>\n<meta property=\"og:type\" content=\"article\" \/>\n<meta property=\"og:title\" content=\"Offre d\u2019emploi - Adjoint-e de production - Le Diamant\" \/>\n<meta property=\"og:description\" content=\"Le Diamant est \u00e0 la recherche d\u2019une adjointe ou d\u2019un adjoint de production pour contribuer \u00e0 la coordination fluide et rigoureuse des op\u00e9rations de production, en assurant le soutien logistique, administratif et humain n\u00e9cessaire \u00e0 l\u2019accueil et \u00e0 la r\u00e9alisation des spectacles.\" \/>\n<meta property=\"og:url\" content=\"https:\/\/www.lediamant.ca\/fr\/emplois-et-benevolat\/adjoint-e-de-production\" \/>\n<meta property=\"og:site_name\" content=\"Le Diamant\" \/>\n<meta property=\"article:publisher\" content=\"https:\/\/www.facebook.com\/lediamantqc\/\" \/>\n<meta property=\"article:modified_time\" content=\"2026-04-13T13:54:36+00:00\" \/>\n<meta property=\"og:image\" content=\"https:\/\/www.lediamant.ca\/wp-content\/uploads\/2023\/05\/Le-Diamant-opengraph.jpeg\" \/>\n\t<meta property=\"og:image:width\" content=\"1200\" \/>\n\t<meta property=\"og:image:height\" content=\"630\" \/>\n\t<meta property=\"og:image:type\" content=\"image\/jpeg\" \/>\n<meta name=\"twitter:card\" content=\"summary_large_image\" \/>\n<meta name=\"twitter:site\" content=\"@lediamant_qc\" \/>\n<meta name=\"twitter:label1\" content=\"Dur\u00e9e de lecture estim\u00e9e\" \/>\n\t<meta name=\"twitter:data1\" content=\"4 minutes\" \/>\n<script type=\"application\/ld+json\" class=\"yoast-schema-graph\">{\"@context\":\"https:\/\/schema.org\",\"@graph\":[{\"@type\":\"WebPage\",\"@id\":\"https:\/\/www.lediamant.ca\/fr\/emplois-et-benevolat\/adjoint-e-de-production\",\"url\":\"https:\/\/www.lediamant.ca\/fr\/emplois-et-benevolat\/adjoint-e-de-production\",\"name\":\"Offre d\u2019emploi - Adjoint-e de production - Le Diamant\",\"isPartOf\":{\"@id\":\"https:\/\/www.lediamant.ca\/fr\/#website\"},\"datePublished\":\"2026-04-08T14:24:57+00:00\",\"dateModified\":\"2026-04-13T13:54:36+00:00\",\"description\":\"Le Diamant est \u00e0 la recherche d\u2019une adjointe ou d\u2019un adjoint de production pour contribuer \u00e0 la coordination fluide et rigoureuse des op\u00e9rations de production, en assurant le soutien logistique, administratif et humain n\u00e9cessaire \u00e0 l\u2019accueil et \u00e0 la r\u00e9alisation des spectacles.\",\"breadcrumb\":{\"@id\":\"https:\/\/www.lediamant.ca\/fr\/emplois-et-benevolat\/adjoint-e-de-production#breadcrumb\"},\"inLanguage\":\"fr-FR\",\"potentialAction\":[{\"@type\":\"ReadAction\",\"target\":[\"https:\/\/www.lediamant.ca\/fr\/emplois-et-benevolat\/adjoint-e-de-production\"]}]},{\"@type\":\"BreadcrumbList\",\"@id\":\"https:\/\/www.lediamant.ca\/fr\/emplois-et-benevolat\/adjoint-e-de-production#breadcrumb\",\"itemListElement\":[{\"@type\":\"ListItem\",\"position\":1,\"name\":\"Accueil\",\"item\":\"https:\/\/www.lediamant.ca\/fr\"},{\"@type\":\"ListItem\",\"position\":2,\"name\":\"Carri\u00e8res\",\"item\":\"https:\/\/www.lediamant.ca\/fr\/emplois-et-benevolat\"},{\"@type\":\"ListItem\",\"position\":3,\"name\":\"Adjoint-e de production\"}]},{\"@type\":\"WebSite\",\"@id\":\"https:\/\/www.lediamant.ca\/fr\/#website\",\"url\":\"https:\/\/www.lediamant.ca\/fr\/\",\"name\":\"Le Diamant\",\"description\":\"Salle de spectacle situ\u00e9e \u00e0 place D&#039;Youville, Qu\u00e9bec (Canada). D\u00e9couvrez notre programmation.\",\"publisher\":{\"@id\":\"https:\/\/www.lediamant.ca\/fr\/#organization\"},\"potentialAction\":[{\"@type\":\"SearchAction\",\"target\":{\"@type\":\"EntryPoint\",\"urlTemplate\":\"https:\/\/www.lediamant.ca\/fr\/?s={search_term_string}\"},\"query-input\":{\"@type\":\"PropertyValueSpecification\",\"valueRequired\":true,\"valueName\":\"search_term_string\"}}],\"inLanguage\":\"fr-FR\"},{\"@type\":\"Organization\",\"@id\":\"https:\/\/www.lediamant.ca\/fr\/#organization\",\"name\":\"Le Diamant\",\"url\":\"https:\/\/www.lediamant.ca\/fr\/\",\"logo\":{\"@type\":\"ImageObject\",\"inLanguage\":\"fr-FR\",\"@id\":\"https:\/\/www.lediamant.ca\/fr\/#\/schema\/logo\/image\/\",\"url\":\"https:\/\/www.lediamant.ca\/wp-content\/uploads\/2023\/05\/le-diamant-logo.png\",\"contentUrl\":\"https:\/\/www.lediamant.ca\/wp-content\/uploads\/2023\/05\/le-diamant-logo.png\",\"width\":1000,\"height\":750,\"caption\":\"Le Diamant\"},\"image\":{\"@id\":\"https:\/\/www.lediamant.ca\/fr\/#\/schema\/logo\/image\/\"},\"sameAs\":[\"https:\/\/www.facebook.com\/lediamantqc\/\",\"https:\/\/x.com\/lediamant_qc\"]}]}<\/script>\n<!-- \/ Yoast SEO plugin. -->","yoast_head_json":{"title":"Offre d\u2019emploi - Adjoint-e de production - Le Diamant","description":"Le Diamant est \u00e0 la recherche d\u2019une adjointe ou d\u2019un adjoint de production pour contribuer \u00e0 la coordination fluide et rigoureuse des op\u00e9rations de production, en assurant le soutien logistique, administratif et humain n\u00e9cessaire \u00e0 l\u2019accueil et \u00e0 la r\u00e9alisation des spectacles.","robots":{"index":"index","follow":"follow","max-snippet":"max-snippet:-1","max-image-preview":"max-image-preview:large","max-video-preview":"max-video-preview:-1"},"canonical":"https:\/\/www.lediamant.ca\/fr\/emplois-et-benevolat\/adjoint-e-de-production","og_locale":"fr_FR","og_type":"article","og_title":"Offre d\u2019emploi - Adjoint-e de production - Le Diamant","og_description":"Le Diamant est \u00e0 la recherche d\u2019une adjointe ou d\u2019un adjoint de production pour contribuer \u00e0 la coordination fluide et rigoureuse des op\u00e9rations de production, en assurant le soutien logistique, administratif et humain n\u00e9cessaire \u00e0 l\u2019accueil et \u00e0 la r\u00e9alisation des spectacles.","og_url":"https:\/\/www.lediamant.ca\/fr\/emplois-et-benevolat\/adjoint-e-de-production","og_site_name":"Le Diamant","article_publisher":"https:\/\/www.facebook.com\/lediamantqc\/","article_modified_time":"2026-04-13T13:54:36+00:00","og_image":[{"width":1200,"height":630,"url":"https:\/\/www.lediamant.ca\/wp-content\/uploads\/2023\/05\/Le-Diamant-opengraph.jpeg","type":"image\/jpeg"}],"twitter_card":"summary_large_image","twitter_site":"@lediamant_qc","twitter_misc":{"Dur\u00e9e de lecture estim\u00e9e":"4 minutes"},"schema":{"@context":"https:\/\/schema.org","@graph":[{"@type":"WebPage","@id":"https:\/\/www.lediamant.ca\/fr\/emplois-et-benevolat\/adjoint-e-de-production","url":"https:\/\/www.lediamant.ca\/fr\/emplois-et-benevolat\/adjoint-e-de-production","name":"Offre d\u2019emploi - Adjoint-e de production - Le Diamant","isPartOf":{"@id":"https:\/\/www.lediamant.ca\/fr\/#website"},"datePublished":"2026-04-08T14:24:57+00:00","dateModified":"2026-04-13T13:54:36+00:00","description":"Le Diamant est \u00e0 la recherche d\u2019une adjointe ou d\u2019un adjoint de production pour contribuer \u00e0 la coordination fluide et rigoureuse des op\u00e9rations de production, en assurant le soutien logistique, administratif et humain n\u00e9cessaire \u00e0 l\u2019accueil et \u00e0 la r\u00e9alisation des spectacles.","breadcrumb":{"@id":"https:\/\/www.lediamant.ca\/fr\/emplois-et-benevolat\/adjoint-e-de-production#breadcrumb"},"inLanguage":"fr-FR","potentialAction":[{"@type":"ReadAction","target":["https:\/\/www.lediamant.ca\/fr\/emplois-et-benevolat\/adjoint-e-de-production"]}]},{"@type":"BreadcrumbList","@id":"https:\/\/www.lediamant.ca\/fr\/emplois-et-benevolat\/adjoint-e-de-production#breadcrumb","itemListElement":[{"@type":"ListItem","position":1,"name":"Accueil","item":"https:\/\/www.lediamant.ca\/fr"},{"@type":"ListItem","position":2,"name":"Carri\u00e8res","item":"https:\/\/www.lediamant.ca\/fr\/emplois-et-benevolat"},{"@type":"ListItem","position":3,"name":"Adjoint-e de production"}]},{"@type":"WebSite","@id":"https:\/\/www.lediamant.ca\/fr\/#website","url":"https:\/\/www.lediamant.ca\/fr\/","name":"Le Diamant","description":"Salle de spectacle situ\u00e9e \u00e0 place D&#039;Youville, Qu\u00e9bec (Canada). D\u00e9couvrez notre programmation.","publisher":{"@id":"https:\/\/www.lediamant.ca\/fr\/#organization"},"potentialAction":[{"@type":"SearchAction","target":{"@type":"EntryPoint","urlTemplate":"https:\/\/www.lediamant.ca\/fr\/?s={search_term_string}"},"query-input":{"@type":"PropertyValueSpecification","valueRequired":true,"valueName":"search_term_string"}}],"inLanguage":"fr-FR"},{"@type":"Organization","@id":"https:\/\/www.lediamant.ca\/fr\/#organization","name":"Le Diamant","url":"https:\/\/www.lediamant.ca\/fr\/","logo":{"@type":"ImageObject","inLanguage":"fr-FR","@id":"https:\/\/www.lediamant.ca\/fr\/#\/schema\/logo\/image\/","url":"https:\/\/www.lediamant.ca\/wp-content\/uploads\/2023\/05\/le-diamant-logo.png","contentUrl":"https:\/\/www.lediamant.ca\/wp-content\/uploads\/2023\/05\/le-diamant-logo.png","width":1000,"height":750,"caption":"Le Diamant"},"image":{"@id":"https:\/\/www.lediamant.ca\/fr\/#\/schema\/logo\/image\/"},"sameAs":["https:\/\/www.facebook.com\/lediamantqc\/","https:\/\/x.com\/lediamant_qc"]}]}},"_links":{"self":[{"href":"https:\/\/www.lediamant.ca\/fr\/wp-json\/wp\/v2\/jobs\/22046","targetHints":{"allow":["GET"]}}],"collection":[{"href":"https:\/\/www.lediamant.ca\/fr\/wp-json\/wp\/v2\/jobs"}],"about":[{"href":"https:\/\/www.lediamant.ca\/fr\/wp-json\/wp\/v2\/types\/jobs"}],"wp:attachment":[{"href":"https:\/\/www.lediamant.ca\/fr\/wp-json\/wp\/v2\/media?parent=22046"}],"curies":[{"name":"wp","href":"https:\/\/api.w.org\/{rel}","templated":true}]}}