{"version":"1.0","provider_name":"Le Diamant","provider_url":"https:\/\/www.lediamant.ca\/fr","author_name":"Dany Martel","author_url":"https:\/\/www.lediamant.ca\/fr\/author\/dany","title":"Par cour et jardin | 31 ao\u00fbt \u2014 1er sept. 2019 | Le Diamant","type":"rich","width":600,"height":338,"html":"<blockquote class=\"wp-embedded-content\" data-secret=\"m0j30f5iV8\"><a href=\"https:\/\/www.lediamant.ca\/fr\/programmation\/activites-inaugurales\">Par cour et jardin<\/a><\/blockquote><iframe sandbox=\"allow-scripts\" security=\"restricted\" src=\"https:\/\/www.lediamant.ca\/fr\/programmation\/activites-inaugurales\/embed#?secret=m0j30f5iV8\" width=\"600\" height=\"338\" title=\"\u00ab\u00a0Par cour et jardin\u00a0\u00bb &#8212; Le Diamant\" data-secret=\"m0j30f5iV8\" frameborder=\"0\" marginwidth=\"0\" marginheight=\"0\" scrolling=\"no\" class=\"wp-embedded-content\"><\/iframe><script type=\"text\/javascript\">\n\/* <![CDATA[ *\/\n\/*! This file is auto-generated *\/\n!function(d,l){\"use strict\";l.querySelector&&d.addEventListener&&\"undefined\"!=typeof URL&&(d.wp=d.wp||{},d.wp.receiveEmbedMessage||(d.wp.receiveEmbedMessage=function(e){var t=e.data;if((t||t.secret||t.message||t.value)&&!\/[^a-zA-Z0-9]\/.test(t.secret)){for(var s,r,n,a=l.querySelectorAll('iframe[data-secret=\"'+t.secret+'\"]'),o=l.querySelectorAll('blockquote[data-secret=\"'+t.secret+'\"]'),c=new RegExp(\"^https?:$\",\"i\"),i=0;i<o.length;i++)o[i].style.display=\"none\";for(i=0;i<a.length;i++)s=a[i],e.source===s.contentWindow&&(s.removeAttribute(\"style\"),\"height\"===t.message?(1e3<(r=parseInt(t.value,10))?r=1e3:~~r<200&&(r=200),s.height=r):\"link\"===t.message&&(r=new URL(s.getAttribute(\"src\")),n=new URL(t.value),c.test(n.protocol))&&n.host===r.host&&l.activeElement===s&&(d.top.location.href=t.value))}},d.addEventListener(\"message\",d.wp.receiveEmbedMessage,!1),l.addEventListener(\"DOMContentLoaded\",function(){for(var e,t,s=l.querySelectorAll(\"iframe.wp-embedded-content\"),r=0;r<s.length;r++)(t=(e=s[r]).getAttribute(\"data-secret\"))||(t=Math.random().toString(36).substring(2,12),e.src+=\"#?secret=\"+t,e.setAttribute(\"data-secret\",t)),e.contentWindow.postMessage({message:\"ready\",secret:t},\"*\")},!1)))}(window,document);\n\/\/# sourceURL=https:\/\/www.lediamant.ca\/wp-includes\/js\/wp-embed.min.js\n\/* ]]> *\/\n<\/script>\n","thumbnail_url":"https:\/\/www.lediamant.ca\/wp-content\/uploads\/2025\/01\/Visuel-ParCourEtJardin-1.jpg","thumbnail_width":1200,"thumbnail_height":1200,"description":"Afin de c\u00e9l\u00e9brer l'inauguration, vous \u00eates invit\u00e9 \u00e0 d\u00e9couvrir Le Diamant sous toutes ses facettes au cours de la fin de semaine de la F\u00eate du travail, le samedi 31 ao\u00fbt et le dimanche 1er septembre 2019."}